{"id":214142,"date":"2020-02-10T23:04:40","date_gmt":"2020-02-10T23:04:40","guid":{"rendered":"https:\/\/culturaorihuela.com\/portfolio_\/"},"modified":"2021-10-20T12:26:43","modified_gmt":"2021-10-20T10:26:43","slug":"portfolio_","status":"publish","type":"page","link":"https:\/\/cultura.orihuela.es\/?page_id=214142","title":{"rendered":"Portfolio"},"content":{"rendered":"<div  class=\"tatsu-98453xI0j tatsu-section  tatsu-bg-overlay   tatsu-clearfix\" data-title=\"\"  data-headerscheme=\"background--dark\"><div class='tatsu-section-pad clearfix' data-padding='{\"d\":\"203px 0px 90px 0px\"}' data-padding-top='203px'><div class=\"tatsu-row-wrap  tatsu-wrap tatsu-row-one-col tatsu-row-has-one-cols tatsu-medium-gutter tatsu-reg-cols  tatsu-clearfix tatsu-Q4X2-BQ7Tl\" ><div  class=\"tatsu-row \" ><div  class=\"tatsu-column  tatsu-column-no-bg tatsu-one-col tatsu-column-image-none tatsu-column-effect-none  tatsu-c2ZaWhtLaw\"  data-parallax-speed=\"0\" style=\"\"><div class=\"tatsu-column-inner \" ><div class=\"tatsu-column-pad-wrap\"><div class=\"tatsu-column-pad\" ><div  class=\"tatsu-module tatsu-inline-text clearfix tatsu-ZErCiomRDk   \" ><style>.tatsu-ZErCiomRDk .tatsu-inline-text-inner{width: 100%;text-align: left;}.tatsu-ZErCiomRDk.tatsu-inline-text{margin: 0px 0px 25px 0px ;}<\/style><div class=\"tatsu-inline-text-inner tatsu-align-center\">\n<h1 style=\"text-align: center;\"><span style=\"color: #ffffff;\">GALER\u00cdA<\/span><\/h1>\n<\/div><\/div><div  class=\"tatsu-module tatsu-inline-text clearfix tatsu-WnUUGfiKR3   \" ><style>.tatsu-WnUUGfiKR3 .tatsu-inline-text-inner{width: 100%;text-align: left;}.tatsu-WnUUGfiKR3.tatsu-inline-text{margin: 0px 0px 35px 0px ;}<\/style><div class=\"tatsu-inline-text-inner tatsu-align-center\">\n<p style=\"text-align: center;\"><span style=\"font-size: 18px; line-height: 32px; color: #ffffff;\">Todos los carteles y creatividades de los eventos culturales de Orihuela<\/span><\/p>\n<\/div><\/div><\/div><\/div><div class = \"tatsu-column-bg-image-wrap\"><div class = \"tatsu-column-bg-image tatsu-bg-lazyload\" data-src = \"\"><\/div><\/div><\/div><style>.tatsu-row > .tatsu-c2ZaWhtLaw.tatsu-column{width: 100%;}.tatsu-c2ZaWhtLaw.tatsu-column > .tatsu-column-inner > .tatsu-column-overlay{mix-blend-mode: none;}.tatsu-c2ZaWhtLaw > .tatsu-column-inner > .tatsu-top-divider{z-index: 9999;}.tatsu-c2ZaWhtLaw > .tatsu-column-inner > .tatsu-bottom-divider{z-index: 9999;}.tatsu-c2ZaWhtLaw > .tatsu-column-inner > .tatsu-left-divider{z-index: 9999;}.tatsu-c2ZaWhtLaw > .tatsu-column-inner > .tatsu-right-divider{z-index: 9999;}<\/style><\/div><\/div><\/div><\/div><div class=\"tatsu-section-background-wrap\"><div class = \"tatsu-bg-blur tatsu-bg-horizontal-animation\" style = \"background-image : url(data:image\/jpeg;base64,\/9j\/4AAQSkZJRgABAQAAAQABAAD\/4QAYRXhpZgAASUkqAAgAAAAAAAAAAAAAAP\/hA4NodHRwOi8vbnMuYWRvYmUuY29tL3hhcC8xLjAvADw\/eHBhY2tldCBiZWdpbj0i77u\/IiBpZD0iVzVNME1wQ2VoaUh6cmVTek5UY3prYzlkIj8+IDx4OnhtcG1ldGEgeG1sbnM6eD0iYWRvYmU6bnM6bWV0YS8iIHg6eG1wdGs9IkFkb2JlIFhNUCBDb3JlIDUuNi1jMTQwIDc5LjE2MDQ1MSwgMjAxNy8wNS8wNi0wMTowODoyMSAgICAgICAgIj4gPHJkZjpSREYgeG1sbnM6cmRmPSJodHRwOi8vd3d3LnczLm9yZy8xOTk5LzAyLzIyLXJkZi1zeW50YXgtbnMjIj4gPHJkZjpEZXNjcmlwdGlvbiByZGY6YWJvdXQ9IiIgeG1sbnM6eG1wTU09Imh0dHA6Ly9ucy5hZG9iZS5jb20veGFwLzEuMC9tbS8iIHhtbG5zOnN0UmVmPSJodHRwOi8vbnMuYWRvYmUuY29tL3hhcC8xLjAvc1R5cGUvUmVzb3VyY2VSZWYjIiB4bWxuczp4bXA9Imh0dHA6Ly9ucy5hZG9iZS5jb20veGFwLzEuMC8iIHhtcE1NOk9yaWdpbmFsRG9jdW1lbnRJRD0iMjJBMEI3NjNBQzlEMzRDM0ZDMEUzNDYzMDI1MTM1REEiIHhtcE1NOkRvY3VtZW50SUQ9InhtcC5kaWQ6MjFEMTc5RjA0NUYyMTFFQUExOTJBOUM1MkZCRDlDNDIiIHhtcE1NOkluc3RhbmNlSUQ9InhtcC5paWQ6MjFEMTc5RUY0NUYyMTFFQUExOTJBOUM1MkZCRDlDNDIiIHhtcDpDcmVhdG9yVG9vbD0iQWRvYmUgUGhvdG9zaG9wIENDIDIwMTkgKE1hY2ludG9zaCkiPiA8eG1wTU06RGVyaXZlZEZyb20gc3RSZWY6aW5zdGFuY2VJRD0ieG1wLmlpZDo5NzQzNGRmZC04MmU2LTQxNzctOTJhNy0wYTMwMzQxNDFlYWYiIHN0UmVmOmRvY3VtZW50SUQ9ImFkb2JlOmRvY2lkOnBob3Rvc2hvcDo2YmJlMWUxOS00ZDhlLTQ2NDctODRlMS02ZjQ5YzY2ODg2MDIiLz4gPC9yZGY6RGVzY3JpcHRpb24+IDwvcmRmOlJERj4gPC94OnhtcG1ldGE+IDw\/eHBhY2tldCBlbmQ9InIiPz7\/2wBDAAYEBAUEBAYFBQUGBgYHCQ4JCQgICRINDQoOFRIWFhUSFBQXGiEcFxgfGRQUHScdHyIjJSUlFhwpLCgkKyEkJST\/2wBDAQYGBgkICREJCREkGBQYJCQkJCQkJCQkJCQkJCQkJCQkJCQkJCQkJCQkJCQkJCQkJCQkJCQkJCQkJCQkJCQkJCT\/wAARCAATADIDASIAAhEBAxEB\/8QAGwABAQACAwEAAAAAAAAAAAAAAAgCBgEDBQf\/xAAnEAABBAICAQIHAQAAAAAAAAABAAIDBAURBiESBzEIEyJBUWGBkf\/EABcBAQEBAQAAAAAAAAAAAAAAAAIDAQD\/xAAbEQACAgMBAAAAAAAAAAAAAAAAAQMRAiExMv\/aAAwDAQACEQMRAD8AlhZNWK5CAztiY2SVjC7xDnAE\/hWDjcHTwXAASyeCjjoHPidHHuQtYPJ7nk+2y32CjoEjsFVR6U8hvc\/9GMnirBdZu1nOpFwdp3g5o8XH+bH70pyLVlInuibeTZOfNZKTIWHNJkJDdHf0762fv0V463rlnplyvH3p\/l8fyBpQgBkohPiRrsrRUsHaQMlTYRESMCIi4xhWxw3H1OOcBwjMRWipC5XhksGJoBlcWN7cfcnsoinJwpD0+ffENnMlS4XRirW5IWWbJilDOvNobvX+qaERbH5Ok9BERMB\/\/9k=);\"\"><\/div><div class = \"tatsu-section-background tatsu-bg-lazyload tatsu-bg-horizontal-animation\" data-src = \"https:\/\/cultura.orihuela.es\/wp-content\/uploads\/2020\/02\/portf.jpg\"><\/div><\/div><div class=\"tatsu-overlay tatsu-section-overlay\"><\/div><div class = \"tatsu-shape-divider tatsu-bottom-divider\"><svg xmlns=\"http:\/\/www.w3.org\/2000\/svg\" preserveAspectRatio=\"none\" viewBox=\"0 0 1920 120\">\r\n  <polygon fill-rule=\"evenodd\" points=\"0 0 1920 120 0 120\"\/>\r\n<\/svg>\r\n<\/div><style>.tatsu-98453xI0j.tatsu-section{background-color: rgba(0,0,0,1);}.tatsu-98453xI0j .tatsu-section-background{background-image: url(https:\/\/cultura.orihuela.es\/wp-content\/uploads\/2020\/02\/portf.jpg);background-repeat: no-repeat;background-attachment: scroll;background-position: center left;background-size: cover;}.tatsu-98453xI0j .tatsu-bg-blur{background-repeat: no-repeat;background-attachment: scroll;background-position: center left;background-size: cover;}.tatsu-98453xI0j .tatsu-section-pad{padding: 203px 0px 90px 0px;}.tatsu-98453xI0j > .tatsu-bottom-divider{height: 100px;color: #ffffff ;z-index: 9999;}.tatsu-98453xI0j > .tatsu-top-divider{z-index: 9999;}.tatsu-98453xI0j .tatsu-section-overlay{background: linear-gradient(0deg, rgba(255,255,255,1) 0%, rgba(0,0,0,1) 95%);mix-blend-mode: multiply;}<\/style><\/div><div  class=\"tatsu-XNKiPpw3-y tatsu-section  tatsu-bg-overlay   tatsu-clearfix\" data-title=\"\"  data-headerscheme=\"background--dark\"><div class='tatsu-section-pad clearfix' data-padding='{\"d\":\"15px 0px 90px 0px\"}' data-padding-top='15px'><div class=\"tatsu-row-wrap  tatsu-row-full-width tatsu-row-one-col tatsu-row-has-one-cols tatsu-medium-gutter tatsu-reg-cols  tatsu-clearfix tatsu-Og2NE6lWvB\" ><div  class=\"tatsu-row \" ><div  class=\"tatsu-column  tatsu-bg-overlay tatsu-one-col tatsu-column-image-none tatsu-column-effect-none  tatsu-CuLnN8BBW\"  data-parallax-speed=\"0\" style=\"\"><div class=\"tatsu-column-inner \" ><div class=\"tatsu-column-pad-wrap\"><div class=\"tatsu-column-pad\" ><div  class=\"be-portfolio-wrap tatsu-module be-portfolio-module tatsu-5qdNIJR58\"  >\r\n    <div class=\"be-portfolio portfolio-delay-load  be-portfolio-prebuilt-hover-style1 portfolio-lazy-load \"  >\r\n        \r\n        <div class=\"be-portfolio-container be-grid be-cols-5 clickable clearfix portfolio-shortcode\" data-aspect-ratio=\"0.7\" data-metro-layout=\"0\" data-animation-target = \".portfolio-thumb-img-wrap\" data-cols=\"5\" data-scroll-reveal = \"1\" data-filter-items = \"0\" data-animation=\"fadeIn\" data-gutter=\"8\" data-layout = \"masonry\"  >\r\n<div class=\"portfolio-item be-col  \" data-category-names = []   >\r\n    <div class=\"portfolio-item-inner\" >\r\n \r\n            <a href=\"https:\/\/cultura.orihuela.es\/?portfolio=el-labrador-de-mas-aire-de-la-compania-teatro-expresion\" data-thumb=\"https:\/\/cultura.orihuela.es\/wp-content\/uploads\/2023\/03\/El-Labrador-Cartel_page-0001-650x915.jpg\"  data-rel= \"my-gallery219213\" class=\"portfolio-thumb-wrap portfolio-thumb-img-wrap \" title=\"El Labrador - Cartel_page-0001\"  >\r\n            <div class=\"portfolio-thumb\" >\r\n                <div class=\" be-grid-placeholder\" style=\"padding-bottom:140.74074074074% ;\" data-aspect-ratio=\"0.71\" >\r\n                    <img decoding=\"async\"  src=\"https:\/\/cultura.orihuela.es\/wp-content\/uploads\/2023\/03\/El-Labrador-Cartel_page-0001-650x915.jpg\" alt=\"\" \/>\r\n                <\/div>\r\n            <\/div>\r\n                <div class=\"thumb-overlay \">\r\n<div class=\"thumb-bg \" >\r\n    <div class=\"thumb-title-wrap \">\r\n        <div class=\"thumb-title\"  >\r\n            \u00abEL LABRADOR DE M\u00c1S AIRE\u00bb DE LA COMPA\u00d1\u00cdA TEATRO EXPRESI\u00d3N        <\/div>\r\n        <div class=\"portfolio-item-cats\"  >\r\n            <span>Carteles<\/span>        <\/div>\r\n    <\/div>\r\n    <div class = \"thumb-border-wrapper\" style=\"border-color:#9E9E9E;\"  ><\/div>\r\n<\/div>\r\n<\/div><\/a>\r\n    <\/div>\r\n<\/div>\r\n<div class=\"portfolio-item be-col  \" data-category-names = []   >\r\n    <div class=\"portfolio-item-inner\" >\r\n \r\n            <a href=\"https:\/\/cultura.orihuela.es\/?portfolio=pasion-teatro-y-musica-banda-auxilium-del-oratorio-festivo-de-orihuela\" data-thumb=\"https:\/\/cultura.orihuela.es\/wp-content\/uploads\/2023\/02\/Poster-Cartel-Semana-Santa-Sencillo-Marron-y-Negro.jpg\"  data-rel= \"my-gallery219192\" class=\"portfolio-thumb-wrap portfolio-thumb-img-wrap \" title=\"Poster Cartel Semana Santa Sencillo Marr\u00f3n y Negro\"  >\r\n            <div class=\"portfolio-thumb\" >\r\n                <div class=\" be-grid-placeholder\" style=\"padding-bottom:141.45161290323% ;\" data-aspect-ratio=\"0.71\" >\r\n                    <img decoding=\"async\"  src=\"https:\/\/cultura.orihuela.es\/wp-content\/uploads\/2023\/02\/Poster-Cartel-Semana-Santa-Sencillo-Marron-y-Negro.jpg\" alt=\"\" \/>\r\n                <\/div>\r\n            <\/div>\r\n                <div class=\"thumb-overlay \">\r\n<div class=\"thumb-bg \" >\r\n    <div class=\"thumb-title-wrap \">\r\n        <div class=\"thumb-title\"  >\r\n            \u00abPASI\u00d3N: TEATRO Y M\u00daSICA\u00bb BANDA AUXILIUM DEL ORATORIO FESTIVO DE ORIHUELA        <\/div>\r\n        <div class=\"portfolio-item-cats\"  >\r\n            <span>Carteles<\/span>        <\/div>\r\n    <\/div>\r\n    <div class = \"thumb-border-wrapper\" style=\"border-color:#9E9E9E;\"  ><\/div>\r\n<\/div>\r\n<\/div><\/a>\r\n    <\/div>\r\n<\/div>\r\n<div class=\"portfolio-item be-col  \" data-category-names = []   >\r\n    <div class=\"portfolio-item-inner\" >\r\n \r\n            <a href=\"https:\/\/cultura.orihuela.es\/?portfolio=concierto-de-fin-de-curso-de-la-joven-orquesta-de-la-universidad-miguel-hernandez\" data-thumb=\"https:\/\/cultura.orihuela.es\/wp-content\/uploads\/2023\/02\/JOUMH_ConciertoFindeCurso_CAS-650x919.jpg\"  data-rel= \"my-gallery219180\" class=\"portfolio-thumb-wrap portfolio-thumb-img-wrap \" title=\"JOUMH_ConciertoFindeCurso_CAS\"  >\r\n            <div class=\"portfolio-thumb\" >\r\n                <div class=\" be-grid-placeholder\" style=\"padding-bottom:141.45299145299% ;\" data-aspect-ratio=\"0.71\" >\r\n                    <img decoding=\"async\"  src=\"https:\/\/cultura.orihuela.es\/wp-content\/uploads\/2023\/02\/JOUMH_ConciertoFindeCurso_CAS-650x919.jpg\" alt=\"\" \/>\r\n                <\/div>\r\n            <\/div>\r\n                <div class=\"thumb-overlay \">\r\n<div class=\"thumb-bg \" >\r\n    <div class=\"thumb-title-wrap \">\r\n        <div class=\"thumb-title\"  >\r\n            CONCIERTO DE FIN DE CURSO DE LA JOVEN ORQUESTA DE LA UNIVERSIDAD MIGUEL HERN\u00c1NDEZ        <\/div>\r\n        <div class=\"portfolio-item-cats\"  >\r\n            <span>Carteles<\/span><span> &middot; <\/span><span>Teatro Circo<\/span>        <\/div>\r\n    <\/div>\r\n    <div class = \"thumb-border-wrapper\" style=\"border-color:#9E9E9E;\"  ><\/div>\r\n<\/div>\r\n<\/div><\/a>\r\n    <\/div>\r\n<\/div>\r\n<div class=\"portfolio-item be-col  \" data-category-names = []   >\r\n    <div class=\"portfolio-item-inner\" >\r\n \r\n            <a href=\"https:\/\/cultura.orihuela.es\/?portfolio=angel-martin-punto-para-los-locos\" data-thumb=\"https:\/\/cultura.orihuela.es\/wp-content\/uploads\/2023\/02\/602FB4E5-BD9F-4CB0-8B70-1A5CA330FD33-650x916.jpeg\"  data-rel= \"my-gallery219172\" class=\"portfolio-thumb-wrap portfolio-thumb-img-wrap \" title=\"602FB4E5-BD9F-4CB0-8B70-1A5CA330FD33\"  >\r\n            <div class=\"portfolio-thumb\" >\r\n                <div class=\" be-grid-placeholder\" style=\"padding-bottom:140.85281980743% ;\" data-aspect-ratio=\"0.71\" >\r\n                    <img decoding=\"async\"  src=\"https:\/\/cultura.orihuela.es\/wp-content\/uploads\/2023\/02\/602FB4E5-BD9F-4CB0-8B70-1A5CA330FD33-650x916.jpeg\" alt=\"\" \/>\r\n                <\/div>\r\n            <\/div>\r\n                <div class=\"thumb-overlay \">\r\n<div class=\"thumb-bg \" >\r\n    <div class=\"thumb-title-wrap \">\r\n        <div class=\"thumb-title\"  >\r\n            \u00c1NGEL MART\u00cdN \u00abPUNTO PARA LOS LOCOS\u00bb        <\/div>\r\n        <div class=\"portfolio-item-cats\"  >\r\n            <span>Carteles<\/span>        <\/div>\r\n    <\/div>\r\n    <div class = \"thumb-border-wrapper\" style=\"border-color:#9E9E9E;\"  ><\/div>\r\n<\/div>\r\n<\/div><\/a>\r\n    <\/div>\r\n<\/div>\r\n<div class=\"portfolio-item be-col  \" data-category-names = []   >\r\n    <div class=\"portfolio-item-inner\" >\r\n \r\n            <a href=\"https:\/\/cultura.orihuela.es\/?portfolio=ciudad-jara\" data-thumb=\"https:\/\/cultura.orihuela.es\/wp-content\/uploads\/2023\/02\/32533C38-5567-48A6-AF5D-C2E9B03DC9D4-650x919.jpeg\"  data-rel= \"my-gallery219171\" class=\"portfolio-thumb-wrap portfolio-thumb-img-wrap \" title=\"32533C38-5567-48A6-AF5D-C2E9B03DC9D4\"  >\r\n            <div class=\"portfolio-thumb\" >\r\n                <div class=\" be-grid-placeholder\" style=\"padding-bottom:141.44893111639% ;\" data-aspect-ratio=\"0.71\" >\r\n                    <img decoding=\"async\"  src=\"https:\/\/cultura.orihuela.es\/wp-content\/uploads\/2023\/02\/32533C38-5567-48A6-AF5D-C2E9B03DC9D4-650x919.jpeg\" alt=\"\" \/>\r\n                <\/div>\r\n            <\/div>\r\n                <div class=\"thumb-overlay \">\r\n<div class=\"thumb-bg \" >\r\n    <div class=\"thumb-title-wrap \">\r\n        <div class=\"thumb-title\"  >\r\n            CIUDAD JARA        <\/div>\r\n        <div class=\"portfolio-item-cats\"  >\r\n            <span>Carteles<\/span>        <\/div>\r\n    <\/div>\r\n    <div class = \"thumb-border-wrapper\" style=\"border-color:#9E9E9E;\"  ><\/div>\r\n<\/div>\r\n<\/div><\/a>\r\n    <\/div>\r\n<\/div>\r\n<div class=\"portfolio-item be-col  \" data-category-names = []   >\r\n    <div class=\"portfolio-item-inner\" >\r\n \r\n            <a href=\"https:\/\/cultura.orihuela.es\/?portfolio=juan-davila-la-capital-del-pecado\" data-thumb=\"https:\/\/cultura.orihuela.es\/wp-content\/uploads\/2023\/02\/FC3DD540-17F5-45F0-A46B-9B4A478E9BDD-650x916.jpeg\"  data-rel= \"my-gallery219170\" class=\"portfolio-thumb-wrap portfolio-thumb-img-wrap \" title=\"FC3DD540-17F5-45F0-A46B-9B4A478E9BDD\"  >\r\n            <div class=\"portfolio-thumb\" >\r\n                <div class=\" be-grid-placeholder\" style=\"padding-bottom:140.85281980743% ;\" data-aspect-ratio=\"0.71\" >\r\n                    <img decoding=\"async\"  src=\"https:\/\/cultura.orihuela.es\/wp-content\/uploads\/2023\/02\/FC3DD540-17F5-45F0-A46B-9B4A478E9BDD-650x916.jpeg\" alt=\"\" \/>\r\n                <\/div>\r\n            <\/div>\r\n                <div class=\"thumb-overlay \">\r\n<div class=\"thumb-bg \" >\r\n    <div class=\"thumb-title-wrap \">\r\n        <div class=\"thumb-title\"  >\r\n            JUAN D\u00c1VILA \u00abLA CAPITAL DEL PECADO\u00bb        <\/div>\r\n        <div class=\"portfolio-item-cats\"  >\r\n            <span>Carteles<\/span>        <\/div>\r\n    <\/div>\r\n    <div class = \"thumb-border-wrapper\" style=\"border-color:#9E9E9E;\"  ><\/div>\r\n<\/div>\r\n<\/div><\/a>\r\n    <\/div>\r\n<\/div>\r\n<div class=\"portfolio-item be-col  \" data-category-names = []   >\r\n    <div class=\"portfolio-item-inner\" >\r\n \r\n            <a href=\"https:\/\/cultura.orihuela.es\/?portfolio=coro-gines-perez-de-la-parra-2\" data-thumb=\"https:\/\/cultura.orihuela.es\/wp-content\/uploads\/2023\/02\/A327EEBB-D0EB-4874-B829-8EBEB9259C52-650x1200.jpeg\"  data-rel= \"my-gallery219169\" class=\"portfolio-thumb-wrap portfolio-thumb-img-wrap \" title=\"A327EEBB-D0EB-4874-B829-8EBEB9259C52\"  >\r\n            <div class=\"portfolio-thumb\" >\r\n                <div class=\" be-grid-placeholder\" style=\"padding-bottom:184.59845984598% ;\" data-aspect-ratio=\"0.54\" >\r\n                    <img decoding=\"async\"  src=\"https:\/\/cultura.orihuela.es\/wp-content\/uploads\/2023\/02\/A327EEBB-D0EB-4874-B829-8EBEB9259C52-650x1200.jpeg\" alt=\"\" \/>\r\n                <\/div>\r\n            <\/div>\r\n                <div class=\"thumb-overlay \">\r\n<div class=\"thumb-bg \" >\r\n    <div class=\"thumb-title-wrap \">\r\n        <div class=\"thumb-title\"  >\r\n            CORO GIN\u00c9S P\u00c9REZ DE LA PARRA        <\/div>\r\n        <div class=\"portfolio-item-cats\"  >\r\n            <span>Carteles<\/span>        <\/div>\r\n    <\/div>\r\n    <div class = \"thumb-border-wrapper\" style=\"border-color:#9E9E9E;\"  ><\/div>\r\n<\/div>\r\n<\/div><\/a>\r\n    <\/div>\r\n<\/div>\r\n<div class=\"portfolio-item be-col  \" data-category-names = []   >\r\n    <div class=\"portfolio-item-inner\" >\r\n \r\n            <a href=\"https:\/\/cultura.orihuela.es\/?portfolio=blancanieves-el-musical\" data-thumb=\"https:\/\/cultura.orihuela.es\/wp-content\/uploads\/2023\/02\/26DD2425-174C-44A2-BFD3-00C6C0C7D921-650x918.jpeg\"  data-rel= \"my-gallery219168\" class=\"portfolio-thumb-wrap portfolio-thumb-img-wrap \" title=\"26DD2425-174C-44A2-BFD3-00C6C0C7D921\"  >\r\n            <div class=\"portfolio-thumb\" >\r\n                <div class=\" be-grid-placeholder\" style=\"padding-bottom:141.24137931034% ;\" data-aspect-ratio=\"0.71\" >\r\n                    <img decoding=\"async\"  src=\"https:\/\/cultura.orihuela.es\/wp-content\/uploads\/2023\/02\/26DD2425-174C-44A2-BFD3-00C6C0C7D921-650x918.jpeg\" alt=\"\" \/>\r\n                <\/div>\r\n            <\/div>\r\n                <div class=\"thumb-overlay \">\r\n<div class=\"thumb-bg \" >\r\n    <div class=\"thumb-title-wrap \">\r\n        <div class=\"thumb-title\"  >\r\n            BLANCANIEVES EL MUSICAL        <\/div>\r\n        <div class=\"portfolio-item-cats\"  >\r\n            <span>Carteles<\/span>        <\/div>\r\n    <\/div>\r\n    <div class = \"thumb-border-wrapper\" style=\"border-color:#9E9E9E;\"  ><\/div>\r\n<\/div>\r\n<\/div><\/a>\r\n    <\/div>\r\n<\/div>\r\n<div class=\"portfolio-item be-col  \" data-category-names = []   >\r\n    <div class=\"portfolio-item-inner\" >\r\n \r\n            <a href=\"https:\/\/cultura.orihuela.es\/?portfolio=caperuza-roja-un-musical-feroz\" data-thumb=\"https:\/\/cultura.orihuela.es\/wp-content\/uploads\/2023\/02\/305AAB6E-B1E9-41BA-9C52-85748C468B07-650x924.jpeg\"  data-rel= \"my-gallery219167\" class=\"portfolio-thumb-wrap portfolio-thumb-img-wrap \" title=\"305AAB6E-B1E9-41BA-9C52-85748C468B07\"  >\r\n            <div class=\"portfolio-thumb\" >\r\n                <div class=\" be-grid-placeholder\" style=\"padding-bottom:142.22222222222% ;\" data-aspect-ratio=\"0.7\" >\r\n                    <img decoding=\"async\"  src=\"https:\/\/cultura.orihuela.es\/wp-content\/uploads\/2023\/02\/305AAB6E-B1E9-41BA-9C52-85748C468B07-650x924.jpeg\" alt=\"\" \/>\r\n                <\/div>\r\n            <\/div>\r\n                <div class=\"thumb-overlay \">\r\n<div class=\"thumb-bg \" >\r\n    <div class=\"thumb-title-wrap \">\r\n        <div class=\"thumb-title\"  >\r\n            CAPERUZA ROJA UN MUSICAL FEROZ        <\/div>\r\n        <div class=\"portfolio-item-cats\"  >\r\n            <span>Carteles<\/span>        <\/div>\r\n    <\/div>\r\n    <div class = \"thumb-border-wrapper\" style=\"border-color:#9E9E9E;\"  ><\/div>\r\n<\/div>\r\n<\/div><\/a>\r\n    <\/div>\r\n<\/div>\r\n<div class=\"portfolio-item be-col  \" data-category-names = []   >\r\n    <div class=\"portfolio-item-inner\" >\r\n \r\n            <a href=\"https:\/\/cultura.orihuela.es\/?portfolio=orihuela-contra-el-cancer-union-lirica-orcelitana\" data-thumb=\"https:\/\/cultura.orihuela.es\/wp-content\/uploads\/2023\/02\/Concierto-contra-el-cancer-2023-650x920.jpg\"  data-rel= \"my-gallery219173\" class=\"portfolio-thumb-wrap portfolio-thumb-img-wrap \" title=\"Concierto contra el c\u00e1ncer 2023\"  >\r\n            <div class=\"portfolio-thumb\" >\r\n                <div class=\" be-grid-placeholder\" style=\"padding-bottom:141.53225806452% ;\" data-aspect-ratio=\"0.71\" >\r\n                    <img decoding=\"async\"  src=\"https:\/\/cultura.orihuela.es\/wp-content\/uploads\/2023\/02\/Concierto-contra-el-cancer-2023-650x920.jpg\" alt=\"\" \/>\r\n                <\/div>\r\n            <\/div>\r\n                <div class=\"thumb-overlay \">\r\n<div class=\"thumb-bg \" >\r\n    <div class=\"thumb-title-wrap \">\r\n        <div class=\"thumb-title\"  >\r\n            \u00abORIHUELA CONTRA EL CANCER\u00bb UNI\u00d3N L\u00cdRICA ORCELITANA        <\/div>\r\n        <div class=\"portfolio-item-cats\"  >\r\n            <span>Carteles<\/span>        <\/div>\r\n    <\/div>\r\n    <div class = \"thumb-border-wrapper\" style=\"border-color:#9E9E9E;\"  ><\/div>\r\n<\/div>\r\n<\/div><\/a>\r\n    <\/div>\r\n<\/div>\r\n<div class=\"portfolio-item be-col  \" data-category-names = []   >\r\n    <div class=\"portfolio-item-inner\" >\r\n \r\n            <a href=\"https:\/\/cultura.orihuela.es\/?portfolio=spot-del-mercado-medieval-2023\" data-thumb=\"https:\/\/cultura.orihuela.es\/wp-content\/uploads\/2023\/01\/A56442A8-E30B-4FBD-8736-F0EA4C5E4CD9.jpeg\"  data-rel= \"my-gallery219130\" class=\"portfolio-thumb-wrap portfolio-thumb-img-wrap \" title=\"A56442A8-E30B-4FBD-8736-F0EA4C5E4CD9\"  >\r\n            <div class=\"portfolio-thumb\" >\r\n                <div class=\" be-grid-placeholder\" style=\"padding-bottom:141.45161290323% ;\" data-aspect-ratio=\"0.71\" >\r\n                    <img decoding=\"async\"  src=\"https:\/\/cultura.orihuela.es\/wp-content\/uploads\/2023\/01\/A56442A8-E30B-4FBD-8736-F0EA4C5E4CD9.jpeg\" alt=\"\" \/>\r\n                <\/div>\r\n            <\/div>\r\n                <div class=\"thumb-overlay \">\r\n<div class=\"thumb-bg \" >\r\n    <div class=\"thumb-title-wrap \">\r\n        <div class=\"thumb-title\"  >\r\n            Spot del Mercado Medieval 2023        <\/div>\r\n        <div class=\"portfolio-item-cats\"  >\r\n            <span>Video<\/span>        <\/div>\r\n    <\/div>\r\n    <div class = \"thumb-border-wrapper\" style=\"border-color:#9E9E9E;\"  ><\/div>\r\n<\/div>\r\n<\/div><\/a>\r\n    <\/div>\r\n<\/div>\r\n<div class=\"portfolio-item be-col  \" data-category-names = []   >\r\n    <div class=\"portfolio-item-inner\" >\r\n \r\n            <a href=\"https:\/\/cultura.orihuela.es\/?portfolio=folleto-orihuela-medieval\" data-thumb=\"https:\/\/cultura.orihuela.es\/wp-content\/uploads\/2023\/01\/A56442A8-E30B-4FBD-8736-F0EA4C5E4CD9.jpeg\"  data-rel= \"my-gallery219125\" class=\"portfolio-thumb-wrap portfolio-thumb-img-wrap \" title=\"A56442A8-E30B-4FBD-8736-F0EA4C5E4CD9\"  >\r\n            <div class=\"portfolio-thumb\" >\r\n                <div class=\" be-grid-placeholder\" style=\"padding-bottom:141.45161290323% ;\" data-aspect-ratio=\"0.71\" >\r\n                    <img decoding=\"async\"  src=\"https:\/\/cultura.orihuela.es\/wp-content\/uploads\/2023\/01\/A56442A8-E30B-4FBD-8736-F0EA4C5E4CD9.jpeg\" alt=\"\" \/>\r\n                <\/div>\r\n            <\/div>\r\n                <div class=\"thumb-overlay \">\r\n<div class=\"thumb-bg \" >\r\n    <div class=\"thumb-title-wrap \">\r\n        <div class=\"thumb-title\"  >\r\n            FOLLETO ORIHUELA MEDIEVAL        <\/div>\r\n        <div class=\"portfolio-item-cats\"  >\r\n            <span>Carteles<\/span>        <\/div>\r\n    <\/div>\r\n    <div class = \"thumb-border-wrapper\" style=\"border-color:#9E9E9E;\"  ><\/div>\r\n<\/div>\r\n<\/div><\/a>\r\n    <\/div>\r\n<\/div>\r\n<div class=\"portfolio-item be-col  \" data-category-names = []   >\r\n    <div class=\"portfolio-item-inner\" >\r\n \r\n            <a href=\"https:\/\/cultura.orihuela.es\/?portfolio=noches-de-opera-2\" data-thumb=\"https:\/\/cultura.orihuela.es\/wp-content\/uploads\/2022\/07\/15AE465D-3EE8-4854-ADF5-90D80F7F0F96-650x916.jpeg\"  data-rel= \"my-gallery218853\" class=\"portfolio-thumb-wrap portfolio-thumb-img-wrap \" title=\"15AE465D-3EE8-4854-ADF5-90D80F7F0F96\"  >\r\n            <div class=\"portfolio-thumb\" >\r\n                <div class=\" be-grid-placeholder\" style=\"padding-bottom:140.96916299559% ;\" data-aspect-ratio=\"0.71\" >\r\n                    <img decoding=\"async\"  src=\"https:\/\/cultura.orihuela.es\/wp-content\/uploads\/2022\/07\/15AE465D-3EE8-4854-ADF5-90D80F7F0F96-650x916.jpeg\" alt=\"\" \/>\r\n                <\/div>\r\n            <\/div>\r\n                <div class=\"thumb-overlay \">\r\n<div class=\"thumb-bg \" >\r\n    <div class=\"thumb-title-wrap \">\r\n        <div class=\"thumb-title\"  >\r\n            NOCHES DE \u00d3PERA        <\/div>\r\n        <div class=\"portfolio-item-cats\"  >\r\n            <span>Carteles<\/span>        <\/div>\r\n    <\/div>\r\n    <div class = \"thumb-border-wrapper\" style=\"border-color:#9E9E9E;\"  ><\/div>\r\n<\/div>\r\n<\/div><\/a>\r\n    <\/div>\r\n<\/div>\r\n<div class=\"portfolio-item be-col  \" data-category-names = []   >\r\n    <div class=\"portfolio-item-inner\" >\r\n \r\n            <a href=\"https:\/\/cultura.orihuela.es\/?portfolio=il-trovatore\" data-thumb=\"https:\/\/cultura.orihuela.es\/wp-content\/uploads\/2022\/08\/Il-trovatore-1_page-0001-650x913.jpg\"  data-rel= \"my-gallery218852\" class=\"portfolio-thumb-wrap portfolio-thumb-img-wrap \" title=\"Il trovatore-1_page-0001\"  >\r\n            <div class=\"portfolio-thumb\" >\r\n                <div class=\" be-grid-placeholder\" style=\"padding-bottom:140.42232277526% ;\" data-aspect-ratio=\"0.71\" >\r\n                    <img decoding=\"async\"  src=\"https:\/\/cultura.orihuela.es\/wp-content\/uploads\/2022\/08\/Il-trovatore-1_page-0001-650x913.jpg\" alt=\"\" \/>\r\n                <\/div>\r\n            <\/div>\r\n                <div class=\"thumb-overlay \">\r\n<div class=\"thumb-bg \" >\r\n    <div class=\"thumb-title-wrap \">\r\n        <div class=\"thumb-title\"  >\r\n            Il Trovatore        <\/div>\r\n        <div class=\"portfolio-item-cats\"  >\r\n            <span>Carteles<\/span>        <\/div>\r\n    <\/div>\r\n    <div class = \"thumb-border-wrapper\" style=\"border-color:#9E9E9E;\"  ><\/div>\r\n<\/div>\r\n<\/div><\/a>\r\n    <\/div>\r\n<\/div>\r\n<div class=\"portfolio-item be-col  \" data-category-names = []   >\r\n    <div class=\"portfolio-item-inner\" >\r\n \r\n            <a href=\"https:\/\/cultura.orihuela.es\/?portfolio=iii-pregon-de-orihuela-orgullo-de-cultura-a-cargo-de-eduardo-navarrete\" data-thumb=\"https:\/\/cultura.orihuela.es\/wp-content\/uploads\/2022\/06\/pregon-650x650.jpg\"  data-rel= \"my-gallery218823\" class=\"portfolio-thumb-wrap portfolio-thumb-img-wrap \" title=\"preg\u00f3n\"  >\r\n            <div class=\"portfolio-thumb\" >\r\n                <div class=\" be-grid-placeholder\" style=\"padding-bottom:100% ;\" data-aspect-ratio=\"1\" >\r\n                    <img decoding=\"async\"  src=\"https:\/\/cultura.orihuela.es\/wp-content\/uploads\/2022\/06\/pregon-650x650.jpg\" alt=\"\" \/>\r\n                <\/div>\r\n            <\/div>\r\n                <div class=\"thumb-overlay \">\r\n<div class=\"thumb-bg \" >\r\n    <div class=\"thumb-title-wrap \">\r\n        <div class=\"thumb-title\"  >\r\n            III PREG\u00d3N DE \u00abORIHUELA, ORGULLO DE CULTURA\u00bb, A CARGO DE EDUARDO NAVARRETE        <\/div>\r\n        <div class=\"portfolio-item-cats\"  >\r\n            <span>Carteles<\/span>        <\/div>\r\n    <\/div>\r\n    <div class = \"thumb-border-wrapper\" style=\"border-color:#9E9E9E;\"  ><\/div>\r\n<\/div>\r\n<\/div><\/a>\r\n    <\/div>\r\n<\/div>\r\n<div class=\"portfolio-item be-col  \" data-category-names = []   >\r\n    <div class=\"portfolio-item-inner\" >\r\n \r\n            <a href=\"https:\/\/cultura.orihuela.es\/?portfolio=orgullo-de-cultura\" data-thumb=\"https:\/\/cultura.orihuela.es\/wp-content\/uploads\/2022\/06\/67BCF13B-6C4A-4676-96C7-4F32F849A767-650x919.jpeg\"  data-rel= \"my-gallery218818\" class=\"portfolio-thumb-wrap portfolio-thumb-img-wrap \" title=\"67BCF13B-6C4A-4676-96C7-4F32F849A767\"  >\r\n            <div class=\"portfolio-thumb\" >\r\n                <div class=\" be-grid-placeholder\" style=\"padding-bottom:141.4364640884% ;\" data-aspect-ratio=\"0.71\" >\r\n                    <img decoding=\"async\"  src=\"https:\/\/cultura.orihuela.es\/wp-content\/uploads\/2022\/06\/67BCF13B-6C4A-4676-96C7-4F32F849A767-650x919.jpeg\" alt=\"\" \/>\r\n                <\/div>\r\n            <\/div>\r\n                <div class=\"thumb-overlay \">\r\n<div class=\"thumb-bg \" >\r\n    <div class=\"thumb-title-wrap \">\r\n        <div class=\"thumb-title\"  >\r\n            ORGULLO DE CULTURA        <\/div>\r\n        <div class=\"portfolio-item-cats\"  >\r\n            <span>Carteles<\/span>        <\/div>\r\n    <\/div>\r\n    <div class = \"thumb-border-wrapper\" style=\"border-color:#9E9E9E;\"  ><\/div>\r\n<\/div>\r\n<\/div><\/a>\r\n    <\/div>\r\n<\/div>\r\n<div class=\"portfolio-item be-col  \" data-category-names = []   >\r\n    <div class=\"portfolio-item-inner\" >\r\n \r\n            <a href=\"https:\/\/cultura.orihuela.es\/?portfolio=murales-de-san-isidro-2022\" data-thumb=\"https:\/\/cultura.orihuela.es\/wp-content\/uploads\/2022\/06\/1-650x919.png\"  data-rel= \"my-gallery218780\" class=\"portfolio-thumb-wrap portfolio-thumb-img-wrap \" title=\"PROGRAMACION MURALES SAN ISIDRO\"  >\r\n            <div class=\"portfolio-thumb\" >\r\n                <div class=\" be-grid-placeholder\" style=\"padding-bottom:141.37115839244% ;\" data-aspect-ratio=\"0.71\" >\r\n                    <img decoding=\"async\"  src=\"https:\/\/cultura.orihuela.es\/wp-content\/uploads\/2022\/06\/1-650x919.png\" alt=\"\" \/>\r\n                <\/div>\r\n            <\/div>\r\n                <div class=\"thumb-overlay \">\r\n<div class=\"thumb-bg \" >\r\n    <div class=\"thumb-title-wrap \">\r\n        <div class=\"thumb-title\"  >\r\n            MURALES DE SAN ISIDRO 2022        <\/div>\r\n        <div class=\"portfolio-item-cats\"  >\r\n            <span>Carteles<\/span>        <\/div>\r\n    <\/div>\r\n    <div class = \"thumb-border-wrapper\" style=\"border-color:#9E9E9E;\"  ><\/div>\r\n<\/div>\r\n<\/div><\/a>\r\n    <\/div>\r\n<\/div>\r\n<div class=\"portfolio-item be-col  \" data-category-names = []   >\r\n    <div class=\"portfolio-item-inner\" >\r\n \r\n            <a href=\"https:\/\/cultura.orihuela.es\/?portfolio=programacion-noche-de-los-museos-2022\" data-thumb=\"https:\/\/cultura.orihuela.es\/wp-content\/uploads\/2021\/05\/8D950A04-A079-4813-A612-EAD7E65BF28B-650x918.png\"  data-rel= \"my-gallery218654\" class=\"portfolio-thumb-wrap portfolio-thumb-img-wrap \" title=\"8D950A04-A079-4813-A612-EAD7E65BF28B\"  >\r\n            <div class=\"portfolio-thumb\" >\r\n                <div class=\" be-grid-placeholder\" style=\"padding-bottom:141.28440366972% ;\" data-aspect-ratio=\"0.71\" >\r\n                    <img decoding=\"async\"  src=\"https:\/\/cultura.orihuela.es\/wp-content\/uploads\/2021\/05\/8D950A04-A079-4813-A612-EAD7E65BF28B-650x918.png\" alt=\"\" \/>\r\n                <\/div>\r\n            <\/div>\r\n                <div class=\"thumb-overlay \">\r\n<div class=\"thumb-bg \" >\r\n    <div class=\"thumb-title-wrap \">\r\n        <div class=\"thumb-title\"  >\r\n            PROGRAMACI\u00d3N NOCHE DE LOS MUSEOS 2022        <\/div>\r\n        <div class=\"portfolio-item-cats\"  >\r\n            <span>Carteles<\/span>        <\/div>\r\n    <\/div>\r\n    <div class = \"thumb-border-wrapper\" style=\"border-color:#9E9E9E;\"  ><\/div>\r\n<\/div>\r\n<\/div><\/a>\r\n    <\/div>\r\n<\/div>\r\n<div class=\"portfolio-item be-col  \" data-category-names = []   >\r\n    <div class=\"portfolio-item-inner\" >\r\n \r\n            <a href=\"https:\/\/cultura.orihuela.es\/?portfolio=programacion-primavera-hernandiana-2022\" data-thumb=\"https:\/\/cultura.orihuela.es\/wp-content\/uploads\/2022\/03\/PORTADA-FOLLETO-PRIMAVERA-2022_page-0002.jpg\"  data-rel= \"my-gallery218477\" class=\"portfolio-thumb-wrap portfolio-thumb-img-wrap \" title=\"PORTADA FOLLETO PRIMAVERA 2022_page-0002\"  >\r\n            <div class=\"portfolio-thumb\" >\r\n                <div class=\" be-grid-placeholder\" style=\"padding-bottom:138.26714801444% ;\" data-aspect-ratio=\"0.72\" >\r\n                    <img decoding=\"async\"  src=\"https:\/\/cultura.orihuela.es\/wp-content\/uploads\/2022\/03\/PORTADA-FOLLETO-PRIMAVERA-2022_page-0002.jpg\" alt=\"\" \/>\r\n                <\/div>\r\n            <\/div>\r\n                <div class=\"thumb-overlay \">\r\n<div class=\"thumb-bg \" >\r\n    <div class=\"thumb-title-wrap \">\r\n        <div class=\"thumb-title\"  >\r\n            PROGRAMACI\u00d3N PRIMAVERA HERNANDIANA 2022        <\/div>\r\n        <div class=\"portfolio-item-cats\"  >\r\n            <span>Carteles<\/span>        <\/div>\r\n    <\/div>\r\n    <div class = \"thumb-border-wrapper\" style=\"border-color:#9E9E9E;\"  ><\/div>\r\n<\/div>\r\n<\/div><\/a>\r\n    <\/div>\r\n<\/div>\r\n<div class=\"portfolio-item be-col  \" data-category-names = []   >\r\n    <div class=\"portfolio-item-inner\" >\r\n \r\n            <a href=\"https:\/\/cultura.orihuela.es\/?portfolio=talleres-de-elevator-pitch-streaming-en-redes-y-youtube-impartidos-por-carolina-selles\" data-thumb=\"https:\/\/cultura.orihuela.es\/wp-content\/uploads\/2022\/02\/Folleto_page-0013.jpg\"  data-rel= \"my-gallery218410\" class=\"portfolio-thumb-wrap portfolio-thumb-img-wrap \" title=\"Folleto_page-0013\"  >\r\n            <div class=\"portfolio-thumb\" >\r\n                <div class=\" be-grid-placeholder\" style=\"padding-bottom:149.91539763113% ;\" data-aspect-ratio=\"0.67\" >\r\n                    <img decoding=\"async\"  src=\"https:\/\/cultura.orihuela.es\/wp-content\/uploads\/2022\/02\/Folleto_page-0013.jpg\" alt=\"\" \/>\r\n                <\/div>\r\n            <\/div>\r\n                <div class=\"thumb-overlay \">\r\n<div class=\"thumb-bg \" >\r\n    <div class=\"thumb-title-wrap \">\r\n        <div class=\"thumb-title\"  >\r\n            TALLERES DE ELEVATOR PITCH, STREAMING EN REDES Y YOUTUBE IMPARTIDOS POR CAROLINA SELL\u00c9S        <\/div>\r\n        <div class=\"portfolio-item-cats\"  >\r\n            <span>Video<\/span>        <\/div>\r\n    <\/div>\r\n    <div class = \"thumb-border-wrapper\" style=\"border-color:#9E9E9E;\"  ><\/div>\r\n<\/div>\r\n<\/div><\/a>\r\n    <\/div>\r\n<\/div>\r\n<div class=\"portfolio-item be-col  \" data-category-names = []   >\r\n    <div class=\"portfolio-item-inner\" >\r\n \r\n            <a href=\"https:\/\/cultura.orihuela.es\/?portfolio=taller-de-manga\" data-thumb=\"https:\/\/cultura.orihuela.es\/wp-content\/uploads\/2022\/02\/Folleto_page-0001.jpg\"  data-rel= \"my-gallery218406\" class=\"portfolio-thumb-wrap portfolio-thumb-img-wrap \" title=\"Folleto_page-0001\"  >\r\n            <div class=\"portfolio-thumb\" >\r\n                <div class=\" be-grid-placeholder\" style=\"padding-bottom:149.91539763113% ;\" data-aspect-ratio=\"0.67\" >\r\n                    <img decoding=\"async\"  src=\"https:\/\/cultura.orihuela.es\/wp-content\/uploads\/2022\/02\/Folleto_page-0001.jpg\" alt=\"\" \/>\r\n                <\/div>\r\n            <\/div>\r\n                <div class=\"thumb-overlay \">\r\n<div class=\"thumb-bg \" >\r\n    <div class=\"thumb-title-wrap \">\r\n        <div class=\"thumb-title\"  >\r\n            TALLER DE MANGA        <\/div>\r\n        <div class=\"portfolio-item-cats\"  >\r\n                    <\/div>\r\n    <\/div>\r\n    <div class = \"thumb-border-wrapper\" style=\"border-color:#9E9E9E;\"  ><\/div>\r\n<\/div>\r\n<\/div><\/a>\r\n    <\/div>\r\n<\/div>\r\n<div class=\"portfolio-item be-col  \" data-category-names = []   >\r\n    <div class=\"portfolio-item-inner\" >\r\n \r\n            <a href=\"https:\/\/cultura.orihuela.es\/?portfolio=talleres-ocio-alternativo-2022-2\" data-thumb=\"https:\/\/cultura.orihuela.es\/wp-content\/uploads\/2022\/02\/Folleto_page-0001.jpg\"  data-rel= \"my-gallery218395\" class=\"portfolio-thumb-wrap portfolio-thumb-img-wrap \" title=\"Folleto_page-0001\"  >\r\n            <div class=\"portfolio-thumb\" >\r\n                <div class=\" be-grid-placeholder\" style=\"padding-bottom:149.91539763113% ;\" data-aspect-ratio=\"0.67\" >\r\n                    <img decoding=\"async\"  src=\"https:\/\/cultura.orihuela.es\/wp-content\/uploads\/2022\/02\/Folleto_page-0001.jpg\" alt=\"\" \/>\r\n                <\/div>\r\n            <\/div>\r\n                <div class=\"thumb-overlay \">\r\n<div class=\"thumb-bg \" >\r\n    <div class=\"thumb-title-wrap \">\r\n        <div class=\"thumb-title\"  >\r\n            TALLERES OCIO ALTERNATIVO 2022        <\/div>\r\n        <div class=\"portfolio-item-cats\"  >\r\n                    <\/div>\r\n    <\/div>\r\n    <div class = \"thumb-border-wrapper\" style=\"border-color:#9E9E9E;\"  ><\/div>\r\n<\/div>\r\n<\/div><\/a>\r\n    <\/div>\r\n<\/div>\r\n<div class=\"portfolio-item be-col  \" data-category-names = []   >\r\n    <div class=\"portfolio-item-inner\" >\r\n \r\n            <a href=\"https:\/\/cultura.orihuela.es\/?portfolio=programacion-teatro-circo-1-semestre-2022\" data-thumb=\"https:\/\/cultura.orihuela.es\/wp-content\/uploads\/2022\/02\/PROGRAMACI\u00d3N-MARZO-JUNIO-2022-WEB-650x920.jpg\"  data-rel= \"my-gallery218343\" class=\"portfolio-thumb-wrap portfolio-thumb-img-wrap \" title=\"PROGRAMACI\u00d3N MARZO-JUNIO 2022 WEB\"  >\r\n            <div class=\"portfolio-thumb\" >\r\n                <div class=\" be-grid-placeholder\" style=\"padding-bottom:141.46187775677% ;\" data-aspect-ratio=\"0.71\" >\r\n                    <img decoding=\"async\"  src=\"https:\/\/cultura.orihuela.es\/wp-content\/uploads\/2022\/02\/PROGRAMACI\u00d3N-MARZO-JUNIO-2022-WEB-650x920.jpg\" alt=\"\" \/>\r\n                <\/div>\r\n            <\/div>\r\n                <div class=\"thumb-overlay \">\r\n<div class=\"thumb-bg \" >\r\n    <div class=\"thumb-title-wrap \">\r\n        <div class=\"thumb-title\"  >\r\n            PROGRAMACI\u00d3N TEATRO CIRCO 1 SEMESTRE 2022        <\/div>\r\n        <div class=\"portfolio-item-cats\"  >\r\n                    <\/div>\r\n    <\/div>\r\n    <div class = \"thumb-border-wrapper\" style=\"border-color:#9E9E9E;\"  ><\/div>\r\n<\/div>\r\n<\/div><\/a>\r\n    <\/div>\r\n<\/div>\r\n<div class=\"portfolio-item be-col  \" data-category-names = []   >\r\n    <div class=\"portfolio-item-inner\" >\r\n \r\n            <a href=\"https:\/\/cultura.orihuela.es\/?portfolio=las-pioneras-y-miguel\" data-thumb=\"https:\/\/cultura.orihuela.es\/wp-content\/uploads\/2022\/02\/teatro-MUDIC-650x920.jpg\"  data-rel= \"my-gallery218291\" class=\"portfolio-thumb-wrap portfolio-thumb-img-wrap \" title=\"LAS PIONERAS Y MIGUEL\"  >\r\n            <div class=\"portfolio-thumb\" >\r\n                <div class=\" be-grid-placeholder\" style=\"padding-bottom:141.46772767462% ;\" data-aspect-ratio=\"0.71\" >\r\n                    <img decoding=\"async\"  src=\"https:\/\/cultura.orihuela.es\/wp-content\/uploads\/2022\/02\/teatro-MUDIC-650x920.jpg\" alt=\"teatro MUDIC\" \/>\r\n                <\/div>\r\n            <\/div>\r\n                <div class=\"thumb-overlay \">\r\n<div class=\"thumb-bg \" >\r\n    <div class=\"thumb-title-wrap \">\r\n        <div class=\"thumb-title\"  >\r\n            LAS PIONERAS Y MIGUEL        <\/div>\r\n        <div class=\"portfolio-item-cats\"  >\r\n            <span>Teatro Circo<\/span>        <\/div>\r\n    <\/div>\r\n    <div class = \"thumb-border-wrapper\" style=\"border-color:#9E9E9E;\"  ><\/div>\r\n<\/div>\r\n<\/div><\/a>\r\n    <\/div>\r\n<\/div>\r\n<div class=\"portfolio-item be-col  \" data-category-names = []   >\r\n    <div class=\"portfolio-item-inner\" >\r\n \r\n            <a href=\"https:\/\/cultura.orihuela.es\/?portfolio=coro-gines-perez-de-la-parra\" data-thumb=\"https:\/\/cultura.orihuela.es\/wp-content\/uploads\/2022\/02\/coro-gines-perez-de-la-parra.jpg\"  data-rel= \"my-gallery218288\" class=\"portfolio-thumb-wrap portfolio-thumb-img-wrap \" title=\"coro gines perez de la parra\"  >\r\n            <div class=\"portfolio-thumb\" >\r\n                <div class=\" be-grid-placeholder\" style=\"padding-bottom:142.01183431953% ;\" data-aspect-ratio=\"0.7\" >\r\n                    <img decoding=\"async\"  src=\"https:\/\/cultura.orihuela.es\/wp-content\/uploads\/2022\/02\/coro-gines-perez-de-la-parra.jpg\" alt=\"\" \/>\r\n                <\/div>\r\n            <\/div>\r\n                <div class=\"thumb-overlay \">\r\n<div class=\"thumb-bg \" >\r\n    <div class=\"thumb-title-wrap \">\r\n        <div class=\"thumb-title\"  >\r\n            CORO GIN\u00c9S P\u00c9REZ DE LA PARRA        <\/div>\r\n        <div class=\"portfolio-item-cats\"  >\r\n            <span>Teatro Circo<\/span>        <\/div>\r\n    <\/div>\r\n    <div class = \"thumb-border-wrapper\" style=\"border-color:#9E9E9E;\"  ><\/div>\r\n<\/div>\r\n<\/div><\/a>\r\n    <\/div>\r\n<\/div>\r\n<div class=\"portfolio-item be-col  \" data-category-names = []   >\r\n    <div class=\"portfolio-item-inner\" >\r\n \r\n            <a href=\"https:\/\/cultura.orihuela.es\/?portfolio=programacion-primer-trimestre-2022-biblioteca-publica-municipal-maria-moliner-de-orihuela\" data-thumb=\"https:\/\/cultura.orihuela.es\/wp-content\/uploads\/2022\/01\/6A524DA3-80FF-4B6F-909B-CB5D9F1C1886-650x919.jpeg\"  data-rel= \"my-gallery218266\" class=\"portfolio-thumb-wrap portfolio-thumb-img-wrap \" title=\"6A524DA3-80FF-4B6F-909B-CB5D9F1C1886\"  >\r\n            <div class=\"portfolio-thumb\" >\r\n                <div class=\" be-grid-placeholder\" style=\"padding-bottom:141.44271570014% ;\" data-aspect-ratio=\"0.71\" >\r\n                    <img decoding=\"async\"  src=\"https:\/\/cultura.orihuela.es\/wp-content\/uploads\/2022\/01\/6A524DA3-80FF-4B6F-909B-CB5D9F1C1886-650x919.jpeg\" alt=\"\" \/>\r\n                <\/div>\r\n            <\/div>\r\n                <div class=\"thumb-overlay \">\r\n<div class=\"thumb-bg \" >\r\n    <div class=\"thumb-title-wrap \">\r\n        <div class=\"thumb-title\"  >\r\n            PROGRAMACI\u00d3N PRIMER TRIMESTRE 2022 BIBLIOTECA P\u00daBLICA MUNICIPAL MAR\u00cdA MOLINER DE ORIHUELA        <\/div>\r\n        <div class=\"portfolio-item-cats\"  >\r\n                    <\/div>\r\n    <\/div>\r\n    <div class = \"thumb-border-wrapper\" style=\"border-color:#9E9E9E;\"  ><\/div>\r\n<\/div>\r\n<\/div><\/a>\r\n    <\/div>\r\n<\/div>\r\n<div class=\"portfolio-item be-col  \" data-category-names = []   >\r\n    <div class=\"portfolio-item-inner\" >\r\n \r\n            <a href=\"https:\/\/cultura.orihuela.es\/?portfolio=porque-aqui-jugamos-tods\" data-thumb=\"https:\/\/cultura.orihuela.es\/wp-content\/uploads\/2021\/11\/16F8B008-6BC8-4CC5-AFF0-7DB2B512DF87-650x919.jpeg\"  data-rel= \"my-gallery218143\" class=\"portfolio-thumb-wrap portfolio-thumb-img-wrap \" title=\"Porque aqu\u00ed jugamos todos\"  >\r\n            <div class=\"portfolio-thumb\" >\r\n                <div class=\" be-grid-placeholder\" style=\"padding-bottom:141.4364640884% ;\" data-aspect-ratio=\"0.71\" >\r\n                    <img decoding=\"async\"  src=\"https:\/\/cultura.orihuela.es\/wp-content\/uploads\/2021\/11\/16F8B008-6BC8-4CC5-AFF0-7DB2B512DF87-650x919.jpeg\" alt=\"\" \/>\r\n                <\/div>\r\n            <\/div>\r\n                <div class=\"thumb-overlay \">\r\n<div class=\"thumb-bg \" >\r\n    <div class=\"thumb-title-wrap \">\r\n        <div class=\"thumb-title\"  >\r\n            PORQUE AQU\u00cd JUGAMOS TOD@S        <\/div>\r\n        <div class=\"portfolio-item-cats\"  >\r\n            <span>Carteles<\/span>        <\/div>\r\n    <\/div>\r\n    <div class = \"thumb-border-wrapper\" style=\"border-color:#9E9E9E;\"  ><\/div>\r\n<\/div>\r\n<\/div><\/a>\r\n    <\/div>\r\n<\/div>\r\n<div class=\"portfolio-item be-col  \" data-category-names = []   >\r\n    <div class=\"portfolio-item-inner\" >\r\n \r\n            <a href=\"https:\/\/cultura.orihuela.es\/?portfolio=v-festival-flamenco-miguel-hernandez\" data-thumb=\"https:\/\/cultura.orihuela.es\/wp-content\/uploads\/2021\/11\/V-FESTIVAL-FLAMENCO-650x867.jpg\"  data-rel= \"my-gallery218124\" class=\"portfolio-thumb-wrap portfolio-thumb-img-wrap \" title=\"V FESTIVAL FLAMENCO\"  >\r\n            <div class=\"portfolio-thumb\" >\r\n                <div class=\" be-grid-placeholder\" style=\"padding-bottom:133.33333333333% ;\" data-aspect-ratio=\"0.75\" >\r\n                    <img decoding=\"async\"  src=\"https:\/\/cultura.orihuela.es\/wp-content\/uploads\/2021\/11\/V-FESTIVAL-FLAMENCO-650x867.jpg\" alt=\"\" \/>\r\n                <\/div>\r\n            <\/div>\r\n                <div class=\"thumb-overlay \">\r\n<div class=\"thumb-bg \" >\r\n    <div class=\"thumb-title-wrap \">\r\n        <div class=\"thumb-title\"  >\r\n            V FESTIVAL FLAMENCO MIGUEL HERN\u00c1NDEZ        <\/div>\r\n        <div class=\"portfolio-item-cats\"  >\r\n            <span>Carteles<\/span>        <\/div>\r\n    <\/div>\r\n    <div class = \"thumb-border-wrapper\" style=\"border-color:#9E9E9E;\"  ><\/div>\r\n<\/div>\r\n<\/div><\/a>\r\n    <\/div>\r\n<\/div>\r\n<div class=\"portfolio-item be-col  \" data-category-names = []   >\r\n    <div class=\"portfolio-item-inner\" >\r\n \r\n            <a href=\"https:\/\/cultura.orihuela.es\/?portfolio=pica-pica\" data-thumb=\"https:\/\/cultura.orihuela.es\/wp-content\/uploads\/2021\/11\/pica-pica-10-ANIVERSARIO-650x915.jpg\"  data-rel= \"my-gallery218121\" class=\"portfolio-thumb-wrap portfolio-thumb-img-wrap \" title=\"pica pica 10 ANIVERSARIO\"  >\r\n            <div class=\"portfolio-thumb\" >\r\n                <div class=\" be-grid-placeholder\" style=\"padding-bottom:140.72119613017% ;\" data-aspect-ratio=\"0.71\" >\r\n                    <img decoding=\"async\"  src=\"https:\/\/cultura.orihuela.es\/wp-content\/uploads\/2021\/11\/pica-pica-10-ANIVERSARIO-650x915.jpg\" alt=\"\" \/>\r\n                <\/div>\r\n            <\/div>\r\n                <div class=\"thumb-overlay \">\r\n<div class=\"thumb-bg \" >\r\n    <div class=\"thumb-title-wrap \">\r\n        <div class=\"thumb-title\"  >\r\n            PICA PICA        <\/div>\r\n        <div class=\"portfolio-item-cats\"  >\r\n            <span>Carteles<\/span>        <\/div>\r\n    <\/div>\r\n    <div class = \"thumb-border-wrapper\" style=\"border-color:#9E9E9E;\"  ><\/div>\r\n<\/div>\r\n<\/div><\/a>\r\n    <\/div>\r\n<\/div>\r\n<div class=\"portfolio-item be-col  \" data-category-names = []   >\r\n    <div class=\"portfolio-item-inner\" >\r\n \r\n            <a href=\"https:\/\/cultura.orihuela.es\/?portfolio=concierto-de-navidad-de-la-orquesta-filarmonica-de-la-universidad-de-alicante\" data-thumb=\"https:\/\/cultura.orihuela.es\/wp-content\/uploads\/2021\/11\/concierto_OFUA_2021ORIHUELA-650x941.jpg\"  data-rel= \"my-gallery218120\" class=\"portfolio-thumb-wrap portfolio-thumb-img-wrap \" title=\"concierto_OFUA_2021ORIHUELA\"  >\r\n            <div class=\"portfolio-thumb\" >\r\n                <div class=\" be-grid-placeholder\" style=\"padding-bottom:144.81012658228% ;\" data-aspect-ratio=\"0.69\" >\r\n                    <img decoding=\"async\"  src=\"https:\/\/cultura.orihuela.es\/wp-content\/uploads\/2021\/11\/concierto_OFUA_2021ORIHUELA-650x941.jpg\" alt=\"\" \/>\r\n                <\/div>\r\n            <\/div>\r\n                <div class=\"thumb-overlay \">\r\n<div class=\"thumb-bg \" >\r\n    <div class=\"thumb-title-wrap \">\r\n        <div class=\"thumb-title\"  >\r\n            CONCIERTO DE NAVIDAD DE LA ORQUESTA FILARM\u00d3NICA DE LA UNIVERSIDAD DE ALICANTE        <\/div>\r\n        <div class=\"portfolio-item-cats\"  >\r\n            <span>Carteles<\/span>        <\/div>\r\n    <\/div>\r\n    <div class = \"thumb-border-wrapper\" style=\"border-color:#9E9E9E;\"  ><\/div>\r\n<\/div>\r\n<\/div><\/a>\r\n    <\/div>\r\n<\/div>\r\n<div class=\"portfolio-item be-col  \" data-category-names = []   >\r\n    <div class=\"portfolio-item-inner\" >\r\n \r\n            <a href=\"https:\/\/cultura.orihuela.es\/?portfolio=navidad-disney-a-cargo-de-la-ulo\" data-thumb=\"https:\/\/cultura.orihuela.es\/wp-content\/uploads\/2021\/11\/Concierto-ulo-disney-650x920.jpg\"  data-rel= \"my-gallery218122\" class=\"portfolio-thumb-wrap portfolio-thumb-img-wrap \" title=\"NAVIDAD DISNEY ULO\"  >\r\n            <div class=\"portfolio-thumb\" >\r\n                <div class=\" be-grid-placeholder\" style=\"padding-bottom:141.46187775677% ;\" data-aspect-ratio=\"0.71\" >\r\n                    <img decoding=\"async\"  src=\"https:\/\/cultura.orihuela.es\/wp-content\/uploads\/2021\/11\/Concierto-ulo-disney-650x920.jpg\" alt=\"\" \/>\r\n                <\/div>\r\n            <\/div>\r\n                <div class=\"thumb-overlay \">\r\n<div class=\"thumb-bg \" >\r\n    <div class=\"thumb-title-wrap \">\r\n        <div class=\"thumb-title\"  >\r\n            NAVIDAD DISNEY A CARGO DE LA ULO        <\/div>\r\n        <div class=\"portfolio-item-cats\"  >\r\n            <span>Carteles<\/span>        <\/div>\r\n    <\/div>\r\n    <div class = \"thumb-border-wrapper\" style=\"border-color:#9E9E9E;\"  ><\/div>\r\n<\/div>\r\n<\/div><\/a>\r\n    <\/div>\r\n<\/div>\r\n<div class=\"portfolio-item be-col  \" data-category-names = []   >\r\n    <div class=\"portfolio-item-inner\" >\r\n \r\n            <a href=\"https:\/\/cultura.orihuela.es\/?portfolio=concierto-de-la-ulo-por-santa-cecilia-dentro-de-la-programacion-de-su-80-aniversario\" data-thumb=\"https:\/\/cultura.orihuela.es\/wp-content\/uploads\/2021\/11\/PHOTO-2021-11-12-13-41-06-650x919.jpg\"  data-rel= \"my-gallery218087\" class=\"portfolio-thumb-wrap portfolio-thumb-img-wrap \" title=\"concierto ulo santa cecilia\"  >\r\n            <div class=\"portfolio-thumb\" >\r\n                <div class=\" be-grid-placeholder\" style=\"padding-bottom:141.43576826196% ;\" data-aspect-ratio=\"0.71\" >\r\n                    <img decoding=\"async\"  src=\"https:\/\/cultura.orihuela.es\/wp-content\/uploads\/2021\/11\/PHOTO-2021-11-12-13-41-06-650x919.jpg\" alt=\"\" \/>\r\n                <\/div>\r\n            <\/div>\r\n                <div class=\"thumb-overlay \">\r\n<div class=\"thumb-bg \" >\r\n    <div class=\"thumb-title-wrap \">\r\n        <div class=\"thumb-title\"  >\r\n            CONCIERTO DE LA ULO POR SANTA CECILIA DENTRO DE LA PROGRAMACI\u00d3N DE SU 80 ANIVERSARIO        <\/div>\r\n        <div class=\"portfolio-item-cats\"  >\r\n            <span>Carteles<\/span>        <\/div>\r\n    <\/div>\r\n    <div class = \"thumb-border-wrapper\" style=\"border-color:#9E9E9E;\"  ><\/div>\r\n<\/div>\r\n<\/div><\/a>\r\n    <\/div>\r\n<\/div>\r\n<div class=\"portfolio-item be-col  \" data-category-names = []   >\r\n    <div class=\"portfolio-item-inner\" >\r\n \r\n            <a href=\"https:\/\/cultura.orihuela.es\/?portfolio=mi-sangre-es-un-camino-lectura-homenaje-sobre-la-vida-y-obra-de-miguel-hernandez-jose-luis-rico-maite-puerto-y-jose-luis-ferris\" data-thumb=\"https:\/\/cultura.orihuela.es\/wp-content\/uploads\/2021\/11\/jose-luis-ferris-650x998.jpg\"  data-rel= \"my-gallery218080\" class=\"portfolio-thumb-wrap portfolio-thumb-img-wrap \" title=\"jose luis ferris\"  >\r\n            <div class=\"portfolio-thumb\" >\r\n                <div class=\" be-grid-placeholder\" style=\"padding-bottom:153.49907918969% ;\" data-aspect-ratio=\"0.65\" >\r\n                    <img decoding=\"async\"  src=\"https:\/\/cultura.orihuela.es\/wp-content\/uploads\/2021\/11\/jose-luis-ferris-650x998.jpg\" alt=\"\" \/>\r\n                <\/div>\r\n            <\/div>\r\n                <div class=\"thumb-overlay \">\r\n<div class=\"thumb-bg \" >\r\n    <div class=\"thumb-title-wrap \">\r\n        <div class=\"thumb-title\"  >\r\n            \u00abMI SANGRE ES UN CAMINO\u00bb LECTURA-HOMENAJE SOBRE LA VIDA Y OBRA DE MIGUEL HERN\u00c1NDEZ. JOS\u00c9 LUIS RICO, MAITE PUERTO Y JOS\u00c9 LUIS FERRIS        <\/div>\r\n        <div class=\"portfolio-item-cats\"  >\r\n            <span>Carteles<\/span>        <\/div>\r\n    <\/div>\r\n    <div class = \"thumb-border-wrapper\" style=\"border-color:#9E9E9E;\"  ><\/div>\r\n<\/div>\r\n<\/div><\/a>\r\n    <\/div>\r\n<\/div>\r\n<div class=\"portfolio-item be-col  \" data-category-names = []   >\r\n    <div class=\"portfolio-item-inner\" >\r\n \r\n            <a href=\"https:\/\/cultura.orihuela.es\/?portfolio=homenaje-a-amado-granell\" data-thumb=\"https:\/\/cultura.orihuela.es\/wp-content\/uploads\/2021\/10\/cartel-amado-granell-650x920.jpg\"  data-rel= \"my-gallery218014\" class=\"portfolio-thumb-wrap portfolio-thumb-img-wrap \" title=\"cartel amado granell\"  >\r\n            <div class=\"portfolio-thumb\" >\r\n                <div class=\" be-grid-placeholder\" style=\"padding-bottom:141.50513112885% ;\" data-aspect-ratio=\"0.71\" >\r\n                    <img decoding=\"async\"  src=\"https:\/\/cultura.orihuela.es\/wp-content\/uploads\/2021\/10\/cartel-amado-granell-650x920.jpg\" alt=\"\" \/>\r\n                <\/div>\r\n            <\/div>\r\n                <div class=\"thumb-overlay \">\r\n<div class=\"thumb-bg \" >\r\n    <div class=\"thumb-title-wrap \">\r\n        <div class=\"thumb-title\"  >\r\n            HOMENAJE A AMADO GRANELL        <\/div>\r\n        <div class=\"portfolio-item-cats\"  >\r\n            <span>Carteles<\/span>        <\/div>\r\n    <\/div>\r\n    <div class = \"thumb-border-wrapper\" style=\"border-color:#9E9E9E;\"  ><\/div>\r\n<\/div>\r\n<\/div><\/a>\r\n    <\/div>\r\n<\/div>\r\n<div class=\"portfolio-item be-col  \" data-category-names = []   >\r\n    <div class=\"portfolio-item-inner\" >\r\n \r\n            <a href=\"https:\/\/cultura.orihuela.es\/?portfolio=musicos-con-denominacion-de-origen\" data-thumb=\"https:\/\/cultura.orihuela.es\/wp-content\/uploads\/2021\/10\/CARTEL-31-OCTUBRE_pages-to-jpg-0001.jpg\"  data-rel= \"my-gallery218013\" class=\"portfolio-thumb-wrap portfolio-thumb-img-wrap \" title=\"CARTEL 31 OCTUBRE_pages-to-jpg-0001\"  >\r\n            <div class=\"portfolio-thumb\" >\r\n                <div class=\" be-grid-placeholder\" style=\"padding-bottom:141.38486312399% ;\" data-aspect-ratio=\"0.71\" >\r\n                    <img decoding=\"async\"  src=\"https:\/\/cultura.orihuela.es\/wp-content\/uploads\/2021\/10\/CARTEL-31-OCTUBRE_pages-to-jpg-0001.jpg\" alt=\"\" \/>\r\n                <\/div>\r\n            <\/div>\r\n                <div class=\"thumb-overlay \">\r\n<div class=\"thumb-bg \" >\r\n    <div class=\"thumb-title-wrap \">\r\n        <div class=\"thumb-title\"  >\r\n            MUSICOS CON DENOMINACI\u00d3N DE ORIGEN        <\/div>\r\n        <div class=\"portfolio-item-cats\"  >\r\n            <span>Carteles<\/span>        <\/div>\r\n    <\/div>\r\n    <div class = \"thumb-border-wrapper\" style=\"border-color:#9E9E9E;\"  ><\/div>\r\n<\/div>\r\n<\/div><\/a>\r\n    <\/div>\r\n<\/div>\r\n<div class=\"portfolio-item be-col  \" data-category-names = []   >\r\n    <div class=\"portfolio-item-inner\" >\r\n \r\n            <a href=\"https:\/\/cultura.orihuela.es\/?portfolio=exposicion-jose-vazquez-cereijomaruja-mallo-grabados\" data-thumb=\"https:\/\/cultura.orihuela.es\/wp-content\/uploads\/2021\/10\/maruja-mallo-cartel.jpg\"  data-rel= \"my-gallery218007\" class=\"portfolio-thumb-wrap portfolio-thumb-img-wrap \" title=\"maruja mallo cartel\"  >\r\n            <div class=\"portfolio-thumb\" >\r\n                <div class=\" be-grid-placeholder\" style=\"padding-bottom:141.13821138211% ;\" data-aspect-ratio=\"0.71\" >\r\n                    <img decoding=\"async\"  src=\"https:\/\/cultura.orihuela.es\/wp-content\/uploads\/2021\/10\/maruja-mallo-cartel.jpg\" alt=\"\" \/>\r\n                <\/div>\r\n            <\/div>\r\n                <div class=\"thumb-overlay \">\r\n<div class=\"thumb-bg \" >\r\n    <div class=\"thumb-title-wrap \">\r\n        <div class=\"thumb-title\"  >\r\n            EXPOSICI\u00d3N \u00abJOS\u00c9 V\u00c1ZQUEZ CEREIJO&#038;MARUJA MALLO. GRABADOS\u00bb.        <\/div>\r\n        <div class=\"portfolio-item-cats\"  >\r\n            <span>Carteles<\/span>        <\/div>\r\n    <\/div>\r\n    <div class = \"thumb-border-wrapper\" style=\"border-color:#9E9E9E;\"  ><\/div>\r\n<\/div>\r\n<\/div><\/a>\r\n    <\/div>\r\n<\/div>\r\n<div class=\"portfolio-item be-col  \" data-category-names = []   >\r\n    <div class=\"portfolio-item-inner\" >\r\n \r\n            <a href=\"https:\/\/cultura.orihuela.es\/?portfolio=111-aniversario-del-nacimiento-de-miguel-hernandez\" data-thumb=\"https:\/\/cultura.orihuela.es\/wp-content\/uploads\/2021\/10\/111-aniversario-1-650x920.jpg\"  data-rel= \"my-gallery217994\" class=\"portfolio-thumb-wrap portfolio-thumb-img-wrap \" title=\"111 aniversario\"  >\r\n            <div class=\"portfolio-thumb\" >\r\n                <div class=\" be-grid-placeholder\" style=\"padding-bottom:141.46187775677% ;\" data-aspect-ratio=\"0.71\" >\r\n                    <img decoding=\"async\"  src=\"https:\/\/cultura.orihuela.es\/wp-content\/uploads\/2021\/10\/111-aniversario-1-650x920.jpg\" alt=\"\" \/>\r\n                <\/div>\r\n            <\/div>\r\n                <div class=\"thumb-overlay \">\r\n<div class=\"thumb-bg \" >\r\n    <div class=\"thumb-title-wrap \">\r\n        <div class=\"thumb-title\"  >\r\n            111 ANIVERSARIO DEL NACIMIENTO DE MIGUEL HERN\u00c1NDEZ        <\/div>\r\n        <div class=\"portfolio-item-cats\"  >\r\n            <span>Carteles<\/span>        <\/div>\r\n    <\/div>\r\n    <div class = \"thumb-border-wrapper\" style=\"border-color:#9E9E9E;\"  ><\/div>\r\n<\/div>\r\n<\/div><\/a>\r\n    <\/div>\r\n<\/div>\r\n<div class=\"portfolio-item be-col  \" data-category-names = []   >\r\n    <div class=\"portfolio-item-inner\" >\r\n \r\n            <a href=\"https:\/\/cultura.orihuela.es\/?portfolio=descubriendo-a-queen-especial-halloween\" data-thumb=\"https:\/\/cultura.orihuela.es\/wp-content\/uploads\/2021\/10\/Descubriendo-a-queen-orihuela-1-650x919.jpg\"  data-rel= \"my-gallery217944\" class=\"portfolio-thumb-wrap portfolio-thumb-img-wrap \" title=\"Descubriendo a queen orihuela 1\"  >\r\n            <div class=\"portfolio-thumb\" >\r\n                <div class=\" be-grid-placeholder\" style=\"padding-bottom:141.43576826196% ;\" data-aspect-ratio=\"0.71\" >\r\n                    <img decoding=\"async\"  src=\"https:\/\/cultura.orihuela.es\/wp-content\/uploads\/2021\/10\/Descubriendo-a-queen-orihuela-1-650x919.jpg\" alt=\"\" \/>\r\n                <\/div>\r\n            <\/div>\r\n                <div class=\"thumb-overlay \">\r\n<div class=\"thumb-bg \" >\r\n    <div class=\"thumb-title-wrap \">\r\n        <div class=\"thumb-title\"  >\r\n            DESCUBRIENDO A QUEEN ESPECIAL HALLOWEEN        <\/div>\r\n        <div class=\"portfolio-item-cats\"  >\r\n                    <\/div>\r\n    <\/div>\r\n    <div class = \"thumb-border-wrapper\" style=\"border-color:#9E9E9E;\"  ><\/div>\r\n<\/div>\r\n<\/div><\/a>\r\n    <\/div>\r\n<\/div>\r\n<div class=\"portfolio-item be-col  \" data-category-names = []   >\r\n    <div class=\"portfolio-item-inner\" >\r\n \r\n            <a href=\"https:\/\/cultura.orihuela.es\/?portfolio=iv-noche-de-las-animas\" data-thumb=\"https:\/\/cultura.orihuela.es\/wp-content\/uploads\/2021\/10\/animas2021-2_page-0001-650x919.jpg\"  data-rel= \"my-gallery217942\" class=\"portfolio-thumb-wrap portfolio-thumb-img-wrap \" title=\"IV noche de las \u00e1nimas\"  >\r\n            <div class=\"portfolio-thumb\" >\r\n                <div class=\" be-grid-placeholder\" style=\"padding-bottom:141.45299145299% ;\" data-aspect-ratio=\"0.71\" >\r\n                    <img decoding=\"async\"  src=\"https:\/\/cultura.orihuela.es\/wp-content\/uploads\/2021\/10\/animas2021-2_page-0001-650x919.jpg\" alt=\"\" \/>\r\n                <\/div>\r\n            <\/div>\r\n                <div class=\"thumb-overlay \">\r\n<div class=\"thumb-bg \" >\r\n    <div class=\"thumb-title-wrap \">\r\n        <div class=\"thumb-title\"  >\r\n            IV NOCHE DE LAS \u00c1NIMAS        <\/div>\r\n        <div class=\"portfolio-item-cats\"  >\r\n            <span>Carteles<\/span>        <\/div>\r\n    <\/div>\r\n    <div class = \"thumb-border-wrapper\" style=\"border-color:#9E9E9E;\"  ><\/div>\r\n<\/div>\r\n<\/div><\/a>\r\n    <\/div>\r\n<\/div>\r\n<div class=\"portfolio-item be-col  \" data-category-names = []   >\r\n    <div class=\"portfolio-item-inner\" >\r\n \r\n            <a href=\"https:\/\/cultura.orihuela.es\/?portfolio=don-juan-tenorio\" data-thumb=\"https:\/\/cultura.orihuela.es\/wp-content\/uploads\/2021\/10\/Don-Juan-Tenorio.jpg\"  data-rel= \"my-gallery217939\" class=\"portfolio-thumb-wrap portfolio-thumb-img-wrap \" title=\"Don Juan Tenorio\"  >\r\n            <div class=\"portfolio-thumb\" >\r\n                <div class=\" be-grid-placeholder\" style=\"padding-bottom:141.41732283465% ;\" data-aspect-ratio=\"0.71\" >\r\n                    <img decoding=\"async\"  src=\"https:\/\/cultura.orihuela.es\/wp-content\/uploads\/2021\/10\/Don-Juan-Tenorio.jpg\" alt=\"\" \/>\r\n                <\/div>\r\n            <\/div>\r\n                <div class=\"thumb-overlay \">\r\n<div class=\"thumb-bg \" >\r\n    <div class=\"thumb-title-wrap \">\r\n        <div class=\"thumb-title\"  >\r\n            DON JUAN TENORIO        <\/div>\r\n        <div class=\"portfolio-item-cats\"  >\r\n            <span>Carteles<\/span>        <\/div>\r\n    <\/div>\r\n    <div class = \"thumb-border-wrapper\" style=\"border-color:#9E9E9E;\"  ><\/div>\r\n<\/div>\r\n<\/div><\/a>\r\n    <\/div>\r\n<\/div>\r\n<div class=\"portfolio-item be-col  \" data-category-names = []   >\r\n    <div class=\"portfolio-item-inner\" >\r\n \r\n            <a href=\"https:\/\/cultura.orihuela.es\/?portfolio=halloween-2021\" data-thumb=\"https:\/\/cultura.orihuela.es\/wp-content\/uploads\/2021\/10\/Halloween-Def-Post-de-Instagram-650x650.png\"  data-rel= \"my-gallery217943\" class=\"portfolio-thumb-wrap portfolio-thumb-img-wrap \" title=\"Halloween Def (Post de Instagram)\"  >\r\n            <div class=\"portfolio-thumb\" >\r\n                <div class=\" be-grid-placeholder\" style=\"padding-bottom:100% ;\" data-aspect-ratio=\"1\" >\r\n                    <img decoding=\"async\"  src=\"https:\/\/cultura.orihuela.es\/wp-content\/uploads\/2021\/10\/Halloween-Def-Post-de-Instagram-650x650.png\" alt=\"\" \/>\r\n                <\/div>\r\n            <\/div>\r\n                <div class=\"thumb-overlay \">\r\n<div class=\"thumb-bg \" >\r\n    <div class=\"thumb-title-wrap \">\r\n        <div class=\"thumb-title\"  >\r\n            HALLOWEEN 2021        <\/div>\r\n        <div class=\"portfolio-item-cats\"  >\r\n                    <\/div>\r\n    <\/div>\r\n    <div class = \"thumb-border-wrapper\" style=\"border-color:#9E9E9E;\"  ><\/div>\r\n<\/div>\r\n<\/div><\/a>\r\n    <\/div>\r\n<\/div>\r\n<div class=\"portfolio-item be-col  \" data-category-names = []   >\r\n    <div class=\"portfolio-item-inner\" >\r\n \r\n            <a href=\"https:\/\/cultura.orihuela.es\/?portfolio=concierto-80-aniversario-de-la-ulo\" data-thumb=\"https:\/\/cultura.orihuela.es\/wp-content\/uploads\/2021\/10\/CARTEL-DEL-CONCIERTO-80-ANIVERSARIO-650x918.jpg\"  data-rel= \"my-gallery217926\" class=\"portfolio-thumb-wrap portfolio-thumb-img-wrap \" title=\"CARTEL DEL CONCIERTO 80 ANIVERSARIO\"  >\r\n            <div class=\"portfolio-thumb\" >\r\n                <div class=\" be-grid-placeholder\" style=\"padding-bottom:141.30434782609% ;\" data-aspect-ratio=\"0.71\" >\r\n                    <img decoding=\"async\"  src=\"https:\/\/cultura.orihuela.es\/wp-content\/uploads\/2021\/10\/CARTEL-DEL-CONCIERTO-80-ANIVERSARIO-650x918.jpg\" alt=\"\" \/>\r\n                <\/div>\r\n            <\/div>\r\n                <div class=\"thumb-overlay \">\r\n<div class=\"thumb-bg \" >\r\n    <div class=\"thumb-title-wrap \">\r\n        <div class=\"thumb-title\"  >\r\n            CONCIERTO 80 ANIVERSARIO DE LA ULO        <\/div>\r\n        <div class=\"portfolio-item-cats\"  >\r\n            <span>Carteles<\/span>        <\/div>\r\n    <\/div>\r\n    <div class = \"thumb-border-wrapper\" style=\"border-color:#9E9E9E;\"  ><\/div>\r\n<\/div>\r\n<\/div><\/a>\r\n    <\/div>\r\n<\/div>\r\n<div class=\"portfolio-item be-col  \" data-category-names = []   >\r\n    <div class=\"portfolio-item-inner\" >\r\n \r\n            <a href=\"https:\/\/cultura.orihuela.es\/?portfolio=ulo-80-aniversario\" data-thumb=\"https:\/\/cultura.orihuela.es\/wp-content\/uploads\/2021\/10\/ANIVERSARIO-ULO-1_page-0001-650x919.jpg\"  data-rel= \"my-gallery217915\" class=\"portfolio-thumb-wrap portfolio-thumb-img-wrap \" title=\"ANIVERSARIO ULO\"  >\r\n            <div class=\"portfolio-thumb\" >\r\n                <div class=\" be-grid-placeholder\" style=\"padding-bottom:141.42692750288% ;\" data-aspect-ratio=\"0.71\" >\r\n                    <img decoding=\"async\"  src=\"https:\/\/cultura.orihuela.es\/wp-content\/uploads\/2021\/10\/ANIVERSARIO-ULO-1_page-0001-650x919.jpg\" alt=\"\" \/>\r\n                <\/div>\r\n            <\/div>\r\n                <div class=\"thumb-overlay \">\r\n<div class=\"thumb-bg \" >\r\n    <div class=\"thumb-title-wrap \">\r\n        <div class=\"thumb-title\"  >\r\n            ULO 80 ANIVERSARIO        <\/div>\r\n        <div class=\"portfolio-item-cats\"  >\r\n            <span>Carteles<\/span>        <\/div>\r\n    <\/div>\r\n    <div class = \"thumb-border-wrapper\" style=\"border-color:#9E9E9E;\"  ><\/div>\r\n<\/div>\r\n<\/div><\/a>\r\n    <\/div>\r\n<\/div>\r\n<div class=\"portfolio-item be-col  \" data-category-names = []   >\r\n    <div class=\"portfolio-item-inner\" >\r\n \r\n            <a href=\"https:\/\/cultura.orihuela.es\/?portfolio=otono-hernandiano-2021\" data-thumb=\"https:\/\/cultura.orihuela.es\/wp-content\/uploads\/2021\/10\/portada-oto\u00f1o-2021-web-1.jpg\"  data-rel= \"my-gallery217896\" class=\"portfolio-thumb-wrap portfolio-thumb-img-wrap \" title=\"portada oto\u00f1o 2021 web\"  >\r\n            <div class=\"portfolio-thumb\" >\r\n                <div class=\" be-grid-placeholder\" style=\"padding-bottom:140.10416666667% ;\" data-aspect-ratio=\"0.71\" >\r\n                    <img decoding=\"async\"  src=\"https:\/\/cultura.orihuela.es\/wp-content\/uploads\/2021\/10\/portada-oto\u00f1o-2021-web-1.jpg\" alt=\"\" \/>\r\n                <\/div>\r\n            <\/div>\r\n                <div class=\"thumb-overlay \">\r\n<div class=\"thumb-bg \" >\r\n    <div class=\"thumb-title-wrap \">\r\n        <div class=\"thumb-title\"  >\r\n            OTO\u00d1O HERNANDIANO 2021        <\/div>\r\n        <div class=\"portfolio-item-cats\"  >\r\n            <span>Carteles<\/span>        <\/div>\r\n    <\/div>\r\n    <div class = \"thumb-border-wrapper\" style=\"border-color:#9E9E9E;\"  ><\/div>\r\n<\/div>\r\n<\/div><\/a>\r\n    <\/div>\r\n<\/div>\r\n<div class=\"portfolio-item be-col  \" data-category-names = []   >\r\n    <div class=\"portfolio-item-inner\" >\r\n \r\n            <a href=\"https:\/\/cultura.orihuela.es\/?portfolio=vii-encuentros-con-la-poesia\" data-thumb=\"https:\/\/cultura.orihuela.es\/wp-content\/uploads\/2021\/10\/ENCUENTROS-CON-LA-POESI\u0301a-650x919.jpg\"  data-rel= \"my-gallery217839\" class=\"portfolio-thumb-wrap portfolio-thumb-img-wrap \" title=\"ENCUENTROS CON LA POESI\u0301a\"  >\r\n            <div class=\"portfolio-thumb\" >\r\n                <div class=\" be-grid-placeholder\" style=\"padding-bottom:141.42692750288% ;\" data-aspect-ratio=\"0.71\" >\r\n                    <img decoding=\"async\"  src=\"https:\/\/cultura.orihuela.es\/wp-content\/uploads\/2021\/10\/ENCUENTROS-CON-LA-POESI\u0301a-650x919.jpg\" alt=\"\" \/>\r\n                <\/div>\r\n            <\/div>\r\n                <div class=\"thumb-overlay \">\r\n<div class=\"thumb-bg \" >\r\n    <div class=\"thumb-title-wrap \">\r\n        <div class=\"thumb-title\"  >\r\n            VII ENCUENTROS CON LA POES\u00cdA        <\/div>\r\n        <div class=\"portfolio-item-cats\"  >\r\n            <span>Carteles<\/span>        <\/div>\r\n    <\/div>\r\n    <div class = \"thumb-border-wrapper\" style=\"border-color:#9E9E9E;\"  ><\/div>\r\n<\/div>\r\n<\/div><\/a>\r\n    <\/div>\r\n<\/div>\r\n<div class=\"portfolio-item be-col  \" data-category-names = []   >\r\n    <div class=\"portfolio-item-inner\" >\r\n \r\n            <a href=\"https:\/\/cultura.orihuela.es\/?portfolio=roberto-ferrandez-pinturas\" data-thumb=\"https:\/\/cultura.orihuela.es\/wp-content\/uploads\/2021\/10\/cartel-final-7-octubre-roberto-ferrandez-min-650x918.jpg\"  data-rel= \"my-gallery217854\" class=\"portfolio-thumb-wrap portfolio-thumb-img-wrap \" title=\"cartel final 7 octubre roberto ferrandez-min\"  >\r\n            <div class=\"portfolio-thumb\" >\r\n                <div class=\" be-grid-placeholder\" style=\"padding-bottom:141.23006833713% ;\" data-aspect-ratio=\"0.71\" >\r\n                    <img decoding=\"async\"  src=\"https:\/\/cultura.orihuela.es\/wp-content\/uploads\/2021\/10\/cartel-final-7-octubre-roberto-ferrandez-min-650x918.jpg\" alt=\"\" \/>\r\n                <\/div>\r\n            <\/div>\r\n                <div class=\"thumb-overlay \">\r\n<div class=\"thumb-bg \" >\r\n    <div class=\"thumb-title-wrap \">\r\n        <div class=\"thumb-title\"  >\r\n            ROBERTO FERR\u00c1NDEZ \u201cPINTURAS\u201d        <\/div>\r\n        <div class=\"portfolio-item-cats\"  >\r\n            <span>Carteles<\/span><span> &middot; <\/span><span>Exposicion<\/span>        <\/div>\r\n    <\/div>\r\n    <div class = \"thumb-border-wrapper\" style=\"border-color:#9E9E9E;\"  ><\/div>\r\n<\/div>\r\n<\/div><\/a>\r\n    <\/div>\r\n<\/div>\r\n<div class=\"portfolio-item be-col  \" data-category-names = []   >\r\n    <div class=\"portfolio-item-inner\" >\r\n \r\n            <a href=\"https:\/\/cultura.orihuela.es\/?portfolio=juan-carlos-holguin-conecta-con-tu-verdadera-esencia-a-traves-del-amor\" data-thumb=\"https:\/\/cultura.orihuela.es\/wp-content\/uploads\/2021\/10\/E140919E-511B-4F3C-AA69-64C3238CE3D0-650x919.jpeg\"  data-rel= \"my-gallery217859\" class=\"portfolio-thumb-wrap portfolio-thumb-img-wrap \" title=\"Juan Carlos Holgu\u00edn\"  >\r\n            <div class=\"portfolio-thumb\" >\r\n                <div class=\" be-grid-placeholder\" style=\"padding-bottom:141.44271570014% ;\" data-aspect-ratio=\"0.71\" >\r\n                    <img decoding=\"async\"  src=\"https:\/\/cultura.orihuela.es\/wp-content\/uploads\/2021\/10\/E140919E-511B-4F3C-AA69-64C3238CE3D0-650x919.jpeg\" alt=\"\" \/>\r\n                <\/div>\r\n            <\/div>\r\n                <div class=\"thumb-overlay \">\r\n<div class=\"thumb-bg \" >\r\n    <div class=\"thumb-title-wrap \">\r\n        <div class=\"thumb-title\"  >\r\n            JUAN CARLOS HOLGU\u00cdN \u201cCONECTA CON TU VERDADERA ESENCIA A TRAV\u00c9S DEL AMOR\u201d        <\/div>\r\n        <div class=\"portfolio-item-cats\"  >\r\n            <span>Biblioteca Mar\u00eda Moliner<\/span><span> &middot; <\/span><span>Carteles<\/span>        <\/div>\r\n    <\/div>\r\n    <div class = \"thumb-border-wrapper\" style=\"border-color:#9E9E9E;\"  ><\/div>\r\n<\/div>\r\n<\/div><\/a>\r\n    <\/div>\r\n<\/div>\r\n<div class=\"portfolio-item be-col  \" data-category-names = []   >\r\n    <div class=\"portfolio-item-inner\" >\r\n \r\n            <a href=\"https:\/\/cultura.orihuela.es\/?portfolio=el-recolector-de-momentos-felices\" data-thumb=\"https:\/\/cultura.orihuela.es\/wp-content\/uploads\/2021\/09\/DOMINGO-10-OCTUBRE-1800-h-teatro-circo-atanasio-die-orihuela-650x920.jpg\"  data-rel= \"my-gallery217852\" class=\"portfolio-thumb-wrap portfolio-thumb-img-wrap \" title=\"DOMINGO 10 OCTUBRE 1800 h teatro circo atanasio die orihuela\"  >\r\n            <div class=\"portfolio-thumb\" >\r\n                <div class=\" be-grid-placeholder\" style=\"padding-bottom:141.46187775677% ;\" data-aspect-ratio=\"0.71\" >\r\n                    <img decoding=\"async\"  src=\"https:\/\/cultura.orihuela.es\/wp-content\/uploads\/2021\/09\/DOMINGO-10-OCTUBRE-1800-h-teatro-circo-atanasio-die-orihuela-650x920.jpg\" alt=\"\" \/>\r\n                <\/div>\r\n            <\/div>\r\n                <div class=\"thumb-overlay \">\r\n<div class=\"thumb-bg \" >\r\n    <div class=\"thumb-title-wrap \">\r\n        <div class=\"thumb-title\"  >\r\n            EL RECOLECTOR DE MOMENTOS FELICES        <\/div>\r\n        <div class=\"portfolio-item-cats\"  >\r\n                    <\/div>\r\n    <\/div>\r\n    <div class = \"thumb-border-wrapper\" style=\"border-color:#9E9E9E;\"  ><\/div>\r\n<\/div>\r\n<\/div><\/a>\r\n    <\/div>\r\n<\/div>\r\n<div class=\"portfolio-item be-col  \" data-category-names = []   >\r\n    <div class=\"portfolio-item-inner\" >\r\n \r\n            <a href=\"https:\/\/cultura.orihuela.es\/?portfolio=federico\" data-thumb=\"https:\/\/cultura.orihuela.es\/wp-content\/uploads\/2021\/10\/s\u00e1bado-23-de-octubre-20.30-horas-1-650x920.jpg\"  data-rel= \"my-gallery217850\" class=\"portfolio-thumb-wrap portfolio-thumb-img-wrap \" title=\"s\u00e1bado 23 de octubre 20.30 horas (1)\"  >\r\n            <div class=\"portfolio-thumb\" >\r\n                <div class=\" be-grid-placeholder\" style=\"padding-bottom:141.46187775677% ;\" data-aspect-ratio=\"0.71\" >\r\n                    <img decoding=\"async\"  src=\"https:\/\/cultura.orihuela.es\/wp-content\/uploads\/2021\/10\/s\u00e1bado-23-de-octubre-20.30-horas-1-650x920.jpg\" alt=\"\" \/>\r\n                <\/div>\r\n            <\/div>\r\n                <div class=\"thumb-overlay \">\r\n<div class=\"thumb-bg \" >\r\n    <div class=\"thumb-title-wrap \">\r\n        <div class=\"thumb-title\"  >\r\n            FEDERICO        <\/div>\r\n        <div class=\"portfolio-item-cats\"  >\r\n            <span>Carteles<\/span><span> &middot; <\/span><span>Teatro Circo<\/span>        <\/div>\r\n    <\/div>\r\n    <div class = \"thumb-border-wrapper\" style=\"border-color:#9E9E9E;\"  ><\/div>\r\n<\/div>\r\n<\/div><\/a>\r\n    <\/div>\r\n<\/div>\r\n<div class=\"portfolio-item be-col  \" data-category-names = []   >\r\n    <div class=\"portfolio-item-inner\" >\r\n \r\n            <a href=\"https:\/\/cultura.orihuela.es\/?portfolio=clandestino\" data-thumb=\"https:\/\/cultura.orihuela.es\/wp-content\/uploads\/2021\/09\/Domingo-7-Nov1930h-2-650x919.jpg\"  data-rel= \"my-gallery217725\" class=\"portfolio-thumb-wrap portfolio-thumb-img-wrap \" title=\"Domingo 7 Nov1930h (2)\"  >\r\n            <div class=\"portfolio-thumb\" >\r\n                <div class=\" be-grid-placeholder\" style=\"padding-bottom:141.43576826196% ;\" data-aspect-ratio=\"0.71\" >\r\n                    <img decoding=\"async\"  src=\"https:\/\/cultura.orihuela.es\/wp-content\/uploads\/2021\/09\/Domingo-7-Nov1930h-2-650x919.jpg\" alt=\"\" \/>\r\n                <\/div>\r\n            <\/div>\r\n                <div class=\"thumb-overlay \">\r\n<div class=\"thumb-bg \" >\r\n    <div class=\"thumb-title-wrap \">\r\n        <div class=\"thumb-title\"  >\r\n            CLANDESTINO        <\/div>\r\n        <div class=\"portfolio-item-cats\"  >\r\n            <span>Carteles<\/span>        <\/div>\r\n    <\/div>\r\n    <div class = \"thumb-border-wrapper\" style=\"border-color:#9E9E9E;\"  ><\/div>\r\n<\/div>\r\n<\/div><\/a>\r\n    <\/div>\r\n<\/div>\r\n<div class=\"portfolio-item be-col  \" data-category-names = []   >\r\n    <div class=\"portfolio-item-inner\" >\r\n \r\n            <a href=\"https:\/\/cultura.orihuela.es\/?portfolio=confort\" data-thumb=\"https:\/\/cultura.orihuela.es\/wp-content\/uploads\/2021\/10\/confort-web-650x919.jpg\"  data-rel= \"my-gallery217724\" class=\"portfolio-thumb-wrap portfolio-thumb-img-wrap \" title=\"confort web\"  >\r\n            <div class=\"portfolio-thumb\" >\r\n                <div class=\" be-grid-placeholder\" style=\"padding-bottom:141.45299145299% ;\" data-aspect-ratio=\"0.71\" >\r\n                    <img decoding=\"async\"  src=\"https:\/\/cultura.orihuela.es\/wp-content\/uploads\/2021\/10\/confort-web-650x919.jpg\" alt=\"\" \/>\r\n                <\/div>\r\n            <\/div>\r\n                <div class=\"thumb-overlay \">\r\n<div class=\"thumb-bg \" >\r\n    <div class=\"thumb-title-wrap \">\r\n        <div class=\"thumb-title\"  >\r\n            CONFORT        <\/div>\r\n        <div class=\"portfolio-item-cats\"  >\r\n                    <\/div>\r\n    <\/div>\r\n    <div class = \"thumb-border-wrapper\" style=\"border-color:#9E9E9E;\"  ><\/div>\r\n<\/div>\r\n<\/div><\/a>\r\n    <\/div>\r\n<\/div>\r\n<div class=\"portfolio-item be-col  \" data-category-names = []   >\r\n    <div class=\"portfolio-item-inner\" >\r\n \r\n            <a href=\"https:\/\/cultura.orihuela.es\/?portfolio=programacion-infantil-de-otono-2021\" data-thumb=\"https:\/\/cultura.orihuela.es\/wp-content\/uploads\/2021\/10\/actividades-costa-650x919.jpg\"  data-rel= \"my-gallery217806\" class=\"portfolio-thumb-wrap portfolio-thumb-img-wrap \" title=\"actividades costa\"  >\r\n            <div class=\"portfolio-thumb\" >\r\n                <div class=\" be-grid-placeholder\" style=\"padding-bottom:141.34275618375% ;\" data-aspect-ratio=\"0.71\" >\r\n                    <img decoding=\"async\"  src=\"https:\/\/cultura.orihuela.es\/wp-content\/uploads\/2021\/10\/actividades-costa-650x919.jpg\" alt=\"\" \/>\r\n                <\/div>\r\n            <\/div>\r\n                <div class=\"thumb-overlay \">\r\n<div class=\"thumb-bg \" >\r\n    <div class=\"thumb-title-wrap \">\r\n        <div class=\"thumb-title\"  >\r\n            PROGRAMACI\u00d3N INFANTIL DE OTO\u00d1O 2021        <\/div>\r\n        <div class=\"portfolio-item-cats\"  >\r\n            <span>Carteles<\/span>        <\/div>\r\n    <\/div>\r\n    <div class = \"thumb-border-wrapper\" style=\"border-color:#9E9E9E;\"  ><\/div>\r\n<\/div>\r\n<\/div><\/a>\r\n    <\/div>\r\n<\/div>\r\n<div class=\"portfolio-item be-col  \" data-category-names = []   >\r\n    <div class=\"portfolio-item-inner\" >\r\n \r\n            <a href=\"https:\/\/cultura.orihuela.es\/?portfolio=exposicion-pinturas-de-roberto-ferrandez\" data-thumb=\"https:\/\/cultura.orihuela.es\/wp-content\/uploads\/2021\/10\/cartel-final-7-octubre-roberto-ferrandez-min-650x918.jpg\"  data-rel= \"my-gallery217777\" class=\"portfolio-thumb-wrap portfolio-thumb-img-wrap \" title=\"cartel final 7 octubre roberto ferrandez-min\"  >\r\n            <div class=\"portfolio-thumb\" >\r\n                <div class=\" be-grid-placeholder\" style=\"padding-bottom:141.23006833713% ;\" data-aspect-ratio=\"0.71\" >\r\n                    <img decoding=\"async\"  src=\"https:\/\/cultura.orihuela.es\/wp-content\/uploads\/2021\/10\/cartel-final-7-octubre-roberto-ferrandez-min-650x918.jpg\" alt=\"\" \/>\r\n                <\/div>\r\n            <\/div>\r\n                <div class=\"thumb-overlay \">\r\n<div class=\"thumb-bg \" >\r\n    <div class=\"thumb-title-wrap \">\r\n        <div class=\"thumb-title\"  >\r\n            EXPOSICI\u00d3N \u00abPINTURAS\u00bb DE ROBERTO FERRANDEZ        <\/div>\r\n        <div class=\"portfolio-item-cats\"  >\r\n            <span>Carteles<\/span>        <\/div>\r\n    <\/div>\r\n    <div class = \"thumb-border-wrapper\" style=\"border-color:#9E9E9E;\"  ><\/div>\r\n<\/div>\r\n<\/div><\/a>\r\n    <\/div>\r\n<\/div>\r\n<div class=\"portfolio-item be-col  \" data-category-names = []   >\r\n    <div class=\"portfolio-item-inner\" >\r\n \r\n            <a href=\"https:\/\/cultura.orihuela.es\/?portfolio=fabricio-mancebo-the-revolution-of-brands\" data-thumb=\"https:\/\/cultura.orihuela.es\/wp-content\/uploads\/2021\/09\/presentacion-LIBRO-FABRICIO-650x401.jpg\"  data-rel= \"my-gallery217860\" class=\"portfolio-thumb-wrap portfolio-thumb-img-wrap \" title=\"Portada Libro Fabricio\"  >\r\n            <div class=\"portfolio-thumb\" >\r\n                <div class=\" be-grid-placeholder\" style=\"padding-bottom:61.649484536082% ;\" data-aspect-ratio=\"1.62\" >\r\n                    <img decoding=\"async\"  src=\"https:\/\/cultura.orihuela.es\/wp-content\/uploads\/2021\/09\/presentacion-LIBRO-FABRICIO-650x401.jpg\" alt=\"\" \/>\r\n                <\/div>\r\n            <\/div>\r\n                <div class=\"thumb-overlay \">\r\n<div class=\"thumb-bg \" >\r\n    <div class=\"thumb-title-wrap \">\r\n        <div class=\"thumb-title\"  >\r\n            FABRICIO MANCEBO \u201cTHE REVOLUTION OF BRANDS\u201d        <\/div>\r\n        <div class=\"portfolio-item-cats\"  >\r\n            <span>Auditorio de la Lonja<\/span><span> &middot; <\/span><span>Carteles<\/span>        <\/div>\r\n    <\/div>\r\n    <div class = \"thumb-border-wrapper\" style=\"border-color:#9E9E9E;\"  ><\/div>\r\n<\/div>\r\n<\/div><\/a>\r\n    <\/div>\r\n<\/div>\r\n<div class=\"portfolio-item be-col  \" data-category-names = []   >\r\n    <div class=\"portfolio-item-inner\" >\r\n \r\n            <a href=\"https:\/\/cultura.orihuela.es\/?portfolio=cultura-open-fest\" data-thumb=\"https:\/\/cultura.orihuela.es\/wp-content\/uploads\/2021\/09\/cartel-de-open-fest-650x929.jpg\"  data-rel= \"my-gallery217723\" class=\"portfolio-thumb-wrap portfolio-thumb-img-wrap \" title=\"cartel de open fest\"  >\r\n            <div class=\"portfolio-thumb\" >\r\n                <div class=\" be-grid-placeholder\" style=\"padding-bottom:142.92623941959% ;\" data-aspect-ratio=\"0.7\" >\r\n                    <img decoding=\"async\"  src=\"https:\/\/cultura.orihuela.es\/wp-content\/uploads\/2021\/09\/cartel-de-open-fest-650x929.jpg\" alt=\"\" \/>\r\n                <\/div>\r\n            <\/div>\r\n                <div class=\"thumb-overlay \">\r\n<div class=\"thumb-bg \" >\r\n    <div class=\"thumb-title-wrap \">\r\n        <div class=\"thumb-title\"  >\r\n            CULTURA OPEN FEST        <\/div>\r\n        <div class=\"portfolio-item-cats\"  >\r\n            <span>Carteles<\/span>        <\/div>\r\n    <\/div>\r\n    <div class = \"thumb-border-wrapper\" style=\"border-color:#9E9E9E;\"  ><\/div>\r\n<\/div>\r\n<\/div><\/a>\r\n    <\/div>\r\n<\/div>\r\n<div class=\"portfolio-item be-col  \" data-category-names = []   >\r\n    <div class=\"portfolio-item-inner\" >\r\n \r\n            <a href=\"https:\/\/cultura.orihuela.es\/?portfolio=libreto-fotomaton-2021\" data-thumb=\"https:\/\/cultura.orihuela.es\/wp-content\/uploads\/2021\/09\/CARTEL-FOTOMAT\u00d3N-2021-00-650x929.jpg\"  data-rel= \"my-gallery217604\" class=\"portfolio-thumb-wrap portfolio-thumb-img-wrap \" title=\"CARTEL FOTOMAT\u00d3N 2021 00\"  >\r\n            <div class=\"portfolio-thumb\" >\r\n                <div class=\" be-grid-placeholder\" style=\"padding-bottom:142.92623941959% ;\" data-aspect-ratio=\"0.7\" >\r\n                    <img decoding=\"async\"  src=\"https:\/\/cultura.orihuela.es\/wp-content\/uploads\/2021\/09\/CARTEL-FOTOMAT\u00d3N-2021-00-650x929.jpg\" alt=\"\" \/>\r\n                <\/div>\r\n            <\/div>\r\n                <div class=\"thumb-overlay \">\r\n<div class=\"thumb-bg \" >\r\n    <div class=\"thumb-title-wrap \">\r\n        <div class=\"thumb-title\"  >\r\n            LIBRETO FOTOMAT\u00d3N 2021        <\/div>\r\n        <div class=\"portfolio-item-cats\"  >\r\n            <span>Exposicion<\/span><span> &middot; <\/span><span>LIBRETO<\/span><span> &middot; <\/span><span>Sorzano de Tejada<\/span>        <\/div>\r\n    <\/div>\r\n    <div class = \"thumb-border-wrapper\" style=\"border-color:#9E9E9E;\"  ><\/div>\r\n<\/div>\r\n<\/div><\/a>\r\n    <\/div>\r\n<\/div>\r\n<div class=\"portfolio-item be-col  \" data-category-names = []   >\r\n    <div class=\"portfolio-item-inner\" >\r\n \r\n            <a href=\"https:\/\/cultura.orihuela.es\/?portfolio=fotomaton-2021\" data-thumb=\"https:\/\/cultura.orihuela.es\/wp-content\/uploads\/2021\/09\/CARTEL-FOTOMAT\u00d3N-2021-01-650x929.jpg\"  data-rel= \"my-gallery217589\" class=\"portfolio-thumb-wrap portfolio-thumb-img-wrap \" title=\"CARTEL FOTOMAT\u00d3N 2021 01\"  >\r\n            <div class=\"portfolio-thumb\" >\r\n                <div class=\" be-grid-placeholder\" style=\"padding-bottom:142.92623941959% ;\" data-aspect-ratio=\"0.7\" >\r\n                    <img decoding=\"async\"  src=\"https:\/\/cultura.orihuela.es\/wp-content\/uploads\/2021\/09\/CARTEL-FOTOMAT\u00d3N-2021-01-650x929.jpg\" alt=\"\" \/>\r\n                <\/div>\r\n            <\/div>\r\n                <div class=\"thumb-overlay \">\r\n<div class=\"thumb-bg \" >\r\n    <div class=\"thumb-title-wrap \">\r\n        <div class=\"thumb-title\"  >\r\n            FOTOMAT\u00d3N 2021        <\/div>\r\n        <div class=\"portfolio-item-cats\"  >\r\n            <span>Carteles<\/span>        <\/div>\r\n    <\/div>\r\n    <div class = \"thumb-border-wrapper\" style=\"border-color:#9E9E9E;\"  ><\/div>\r\n<\/div>\r\n<\/div><\/a>\r\n    <\/div>\r\n<\/div>\r\n<div class=\"portfolio-item be-col  \" data-category-names = []   >\r\n    <div class=\"portfolio-item-inner\" >\r\n \r\n            <a href=\"https:\/\/cultura.orihuela.es\/?portfolio=cine-de-verano-2021\" data-thumb=\"https:\/\/cultura.orihuela.es\/wp-content\/uploads\/2021\/08\/cartel-defivitivo-cine-de-verano-650x919.jpg\"  data-rel= \"my-gallery217566\" class=\"portfolio-thumb-wrap portfolio-thumb-img-wrap \" title=\"cartel defivitivo cine de verano\"  >\r\n            <div class=\"portfolio-thumb\" >\r\n                <div class=\" be-grid-placeholder\" style=\"padding-bottom:141.4364640884% ;\" data-aspect-ratio=\"0.71\" >\r\n                    <img decoding=\"async\"  src=\"https:\/\/cultura.orihuela.es\/wp-content\/uploads\/2021\/08\/cartel-defivitivo-cine-de-verano-650x919.jpg\" alt=\"\" \/>\r\n                <\/div>\r\n            <\/div>\r\n                <div class=\"thumb-overlay \">\r\n<div class=\"thumb-bg \" >\r\n    <div class=\"thumb-title-wrap \">\r\n        <div class=\"thumb-title\"  >\r\n            CINE DE VERANO 2021        <\/div>\r\n        <div class=\"portfolio-item-cats\"  >\r\n            <span>Carteles<\/span>        <\/div>\r\n    <\/div>\r\n    <div class = \"thumb-border-wrapper\" style=\"border-color:#9E9E9E;\"  ><\/div>\r\n<\/div>\r\n<\/div><\/a>\r\n    <\/div>\r\n<\/div>\r\n<div class=\"portfolio-item be-col  \" data-category-names = []   >\r\n    <div class=\"portfolio-item-inner\" >\r\n \r\n            <a href=\"https:\/\/cultura.orihuela.es\/?portfolio=exposicion-pictorica-agustin-andreu\" data-thumb=\"https:\/\/cultura.orihuela.es\/wp-content\/uploads\/2021\/08\/A007917F-E6E4-4D7B-8DD2-F36FD3F1EA92.png\"  data-rel= \"my-gallery217565\" class=\"portfolio-thumb-wrap portfolio-thumb-img-wrap \" title=\"A007917F-E6E4-4D7B-8DD2-F36FD3F1EA92\"  >\r\n            <div class=\"portfolio-thumb\" >\r\n                <div class=\" be-grid-placeholder\" style=\"padding-bottom:141.24293785311% ;\" data-aspect-ratio=\"0.71\" >\r\n                    <img decoding=\"async\"  src=\"https:\/\/cultura.orihuela.es\/wp-content\/uploads\/2021\/08\/A007917F-E6E4-4D7B-8DD2-F36FD3F1EA92.png\" alt=\"\" \/>\r\n                <\/div>\r\n            <\/div>\r\n                <div class=\"thumb-overlay \">\r\n<div class=\"thumb-bg \" >\r\n    <div class=\"thumb-title-wrap \">\r\n        <div class=\"thumb-title\"  >\r\n            EXPOSICI\u00d3N PICT\u00d3RICA AGUST\u00cdN ANDREU        <\/div>\r\n        <div class=\"portfolio-item-cats\"  >\r\n            <span>Carteles<\/span><span> &middot; <\/span><span>Exposicion<\/span>        <\/div>\r\n    <\/div>\r\n    <div class = \"thumb-border-wrapper\" style=\"border-color:#9E9E9E;\"  ><\/div>\r\n<\/div>\r\n<\/div><\/a>\r\n    <\/div>\r\n<\/div>\r\n<div class=\"portfolio-item be-col  \" data-category-names = []   >\r\n    <div class=\"portfolio-item-inner\" >\r\n \r\n            <a href=\"https:\/\/cultura.orihuela.es\/?portfolio=musica-en-verano\" data-thumb=\"https:\/\/cultura.orihuela.es\/wp-content\/uploads\/2021\/07\/F06A708A-FBB4-485E-AA5D-A6F5D00B1CF5-650x812.jpeg\"  data-rel= \"my-gallery217567\" class=\"portfolio-thumb-wrap portfolio-thumb-img-wrap \" title=\"F06A708A-FBB4-485E-AA5D-A6F5D00B1CF5\"  >\r\n            <div class=\"portfolio-thumb\" >\r\n                <div class=\" be-grid-placeholder\" style=\"padding-bottom:124.97687326549% ;\" data-aspect-ratio=\"0.8\" >\r\n                    <img decoding=\"async\"  src=\"https:\/\/cultura.orihuela.es\/wp-content\/uploads\/2021\/07\/F06A708A-FBB4-485E-AA5D-A6F5D00B1CF5-650x812.jpeg\" alt=\"\" \/>\r\n                <\/div>\r\n            <\/div>\r\n                <div class=\"thumb-overlay \">\r\n<div class=\"thumb-bg \" >\r\n    <div class=\"thumb-title-wrap \">\r\n        <div class=\"thumb-title\"  >\r\n            M\u00daSICA EN VERANO        <\/div>\r\n        <div class=\"portfolio-item-cats\"  >\r\n            <span>Carteles<\/span>        <\/div>\r\n    <\/div>\r\n    <div class = \"thumb-border-wrapper\" style=\"border-color:#9E9E9E;\"  ><\/div>\r\n<\/div>\r\n<\/div><\/a>\r\n    <\/div>\r\n<\/div>\r\n<div class=\"portfolio-item be-col  \" data-category-names = []   >\r\n    <div class=\"portfolio-item-inner\" >\r\n \r\n            <a href=\"https:\/\/cultura.orihuela.es\/?portfolio=gremio-dc-en-playa-flamenca\" data-thumb=\"https:\/\/cultura.orihuela.es\/wp-content\/uploads\/2021\/08\/41227BB3-8EBA-4264-9DC8-16C4D8651134.png\"  data-rel= \"my-gallery217523\" class=\"portfolio-thumb-wrap portfolio-thumb-img-wrap \" title=\"41227BB3-8EBA-4264-9DC8-16C4D8651134\"  >\r\n            <div class=\"portfolio-thumb\" >\r\n                <div class=\" be-grid-placeholder\" style=\"padding-bottom:141.59292035398% ;\" data-aspect-ratio=\"0.71\" >\r\n                    <img decoding=\"async\"  src=\"https:\/\/cultura.orihuela.es\/wp-content\/uploads\/2021\/08\/41227BB3-8EBA-4264-9DC8-16C4D8651134.png\" alt=\"\" \/>\r\n                <\/div>\r\n            <\/div>\r\n                <div class=\"thumb-overlay \">\r\n<div class=\"thumb-bg \" >\r\n    <div class=\"thumb-title-wrap \">\r\n        <div class=\"thumb-title\"  >\r\n            GREMIO DC EN PLAYA FLAMENCA        <\/div>\r\n        <div class=\"portfolio-item-cats\"  >\r\n            <span>Carteles<\/span>        <\/div>\r\n    <\/div>\r\n    <div class = \"thumb-border-wrapper\" style=\"border-color:#9E9E9E;\"  ><\/div>\r\n<\/div>\r\n<\/div><\/a>\r\n    <\/div>\r\n<\/div>\r\n<div class=\"portfolio-item be-col  \" data-category-names = []   >\r\n    <div class=\"portfolio-item-inner\" >\r\n \r\n            <a href=\"https:\/\/cultura.orihuela.es\/?portfolio=carmen-baena-cimas-y-planicies\" data-thumb=\"https:\/\/cultura.orihuela.es\/wp-content\/uploads\/2021\/07\/A64239F6-F4AE-4966-B1A4-10739C49F93F-650x919.jpeg\"  data-rel= \"my-gallery217568\" class=\"portfolio-thumb-wrap portfolio-thumb-img-wrap \" title=\"Cartel exposici\u00f3n Carmen Baena\"  >\r\n            <div class=\"portfolio-thumb\" >\r\n                <div class=\" be-grid-placeholder\" style=\"padding-bottom:141.44271570014% ;\" data-aspect-ratio=\"0.71\" >\r\n                    <img decoding=\"async\"  src=\"https:\/\/cultura.orihuela.es\/wp-content\/uploads\/2021\/07\/A64239F6-F4AE-4966-B1A4-10739C49F93F-650x919.jpeg\" alt=\"Exposici\u00f3n de Carmen Baena\" \/>\r\n                <\/div>\r\n            <\/div>\r\n                <div class=\"thumb-overlay \">\r\n<div class=\"thumb-bg \" >\r\n    <div class=\"thumb-title-wrap \">\r\n        <div class=\"thumb-title\"  >\r\n            CARMEN BAENA \u201cCIMAS Y PLANICIES\u201d        <\/div>\r\n        <div class=\"portfolio-item-cats\"  >\r\n            <span>Carteles<\/span>        <\/div>\r\n    <\/div>\r\n    <div class = \"thumb-border-wrapper\" style=\"border-color:#9E9E9E;\"  ><\/div>\r\n<\/div>\r\n<\/div><\/a>\r\n    <\/div>\r\n<\/div>\r\n<div class=\"portfolio-item be-col  \" data-category-names = []   >\r\n    <div class=\"portfolio-item-inner\" >\r\n \r\n            <a href=\"https:\/\/cultura.orihuela.es\/?portfolio=jose-m-r-trigueros-naturaleza-de-plastico\" data-thumb=\"https:\/\/cultura.orihuela.es\/wp-content\/uploads\/2021\/07\/cartel-exposicion-chapu-web-650x919.jpg\"  data-rel= \"my-gallery217569\" class=\"portfolio-thumb-wrap portfolio-thumb-img-wrap \" title=\"cartel exposicion chapu web\"  >\r\n            <div class=\"portfolio-thumb\" >\r\n                <div class=\" be-grid-placeholder\" style=\"padding-bottom:141.44271570014% ;\" data-aspect-ratio=\"0.71\" >\r\n                    <img decoding=\"async\"  src=\"https:\/\/cultura.orihuela.es\/wp-content\/uploads\/2021\/07\/cartel-exposicion-chapu-web-650x919.jpg\" alt=\"\" \/>\r\n                <\/div>\r\n            <\/div>\r\n                <div class=\"thumb-overlay \">\r\n<div class=\"thumb-bg \" >\r\n    <div class=\"thumb-title-wrap \">\r\n        <div class=\"thumb-title\"  >\r\n            JOS\u00c9 M.R. TRIGUEROS \u201cNATURALEZA DE PL\u00c1STICO\u201d        <\/div>\r\n        <div class=\"portfolio-item-cats\"  >\r\n            <span>Carteles<\/span>        <\/div>\r\n    <\/div>\r\n    <div class = \"thumb-border-wrapper\" style=\"border-color:#9E9E9E;\"  ><\/div>\r\n<\/div>\r\n<\/div><\/a>\r\n    <\/div>\r\n<\/div>\r\n<div class=\"portfolio-item be-col  \" data-category-names = []   >\r\n    <div class=\"portfolio-item-inner\" >\r\n \r\n            <a href=\"https:\/\/cultura.orihuela.es\/?portfolio=noches-de-opera\" data-thumb=\"https:\/\/cultura.orihuela.es\/wp-content\/uploads\/2021\/07\/cartel-de-la-\u00f3pera-650x920.jpeg\"  data-rel= \"my-gallery217457\" class=\"portfolio-thumb-wrap portfolio-thumb-img-wrap \" title=\"cartel de la \u00f3pera\"  >\r\n            <div class=\"portfolio-thumb\" >\r\n                <div class=\" be-grid-placeholder\" style=\"padding-bottom:141.46772767462% ;\" data-aspect-ratio=\"0.71\" >\r\n                    <img decoding=\"async\"  src=\"https:\/\/cultura.orihuela.es\/wp-content\/uploads\/2021\/07\/cartel-de-la-\u00f3pera-650x920.jpeg\" alt=\"\" \/>\r\n                <\/div>\r\n            <\/div>\r\n                <div class=\"thumb-overlay \">\r\n<div class=\"thumb-bg \" >\r\n    <div class=\"thumb-title-wrap \">\r\n        <div class=\"thumb-title\"  >\r\n            NOCHES DE \u00d3PERA        <\/div>\r\n        <div class=\"portfolio-item-cats\"  >\r\n            <span>Carteles<\/span>        <\/div>\r\n    <\/div>\r\n    <div class = \"thumb-border-wrapper\" style=\"border-color:#9E9E9E;\"  ><\/div>\r\n<\/div>\r\n<\/div><\/a>\r\n    <\/div>\r\n<\/div>\r\n<div class=\"portfolio-item be-col  \" data-category-names = []   >\r\n    <div class=\"portfolio-item-inner\" >\r\n \r\n            <a href=\"https:\/\/cultura.orihuela.es\/?portfolio=rosa-lopez-en-concierto\" data-thumb=\"https:\/\/cultura.orihuela.es\/wp-content\/uploads\/2021\/07\/ROSA-LOPEZ-EN-CONCIERTO.jpg\"  data-rel= \"my-gallery217439\" class=\"portfolio-thumb-wrap portfolio-thumb-img-wrap \" title=\"ROSA LOPEZ EN CONCIERTO\"  >\r\n            <div class=\"portfolio-thumb\" >\r\n                <div class=\" be-grid-placeholder\" style=\"padding-bottom:222.22222222222% ;\" data-aspect-ratio=\"0.45\" >\r\n                    <img decoding=\"async\"  src=\"https:\/\/cultura.orihuela.es\/wp-content\/uploads\/2021\/07\/ROSA-LOPEZ-EN-CONCIERTO.jpg\" alt=\"\" \/>\r\n                <\/div>\r\n            <\/div>\r\n                <div class=\"thumb-overlay \">\r\n<div class=\"thumb-bg \" >\r\n    <div class=\"thumb-title-wrap \">\r\n        <div class=\"thumb-title\"  >\r\n            ROSA L\u00d3PEZ EN CONCIERTO        <\/div>\r\n        <div class=\"portfolio-item-cats\"  >\r\n            <span>Carteles<\/span><span> &middot; <\/span><span>Teatro Circo<\/span>        <\/div>\r\n    <\/div>\r\n    <div class = \"thumb-border-wrapper\" style=\"border-color:#9E9E9E;\"  ><\/div>\r\n<\/div>\r\n<\/div><\/a>\r\n    <\/div>\r\n<\/div>\r\n<div class=\"portfolio-item be-col  \" data-category-names = []   >\r\n    <div class=\"portfolio-item-inner\" >\r\n \r\n            <a href=\"https:\/\/cultura.orihuela.es\/?portfolio=ii-pregon-orihuela-orgullo-de-cultura-a-cargo-de-la-prohibida\" data-thumb=\"https:\/\/cultura.orihuela.es\/wp-content\/uploads\/2021\/07\/PREGON-ORIHUELA-ORGULLO-DE-CULTURA-LA-PROHIBIDA.jpg\"  data-rel= \"my-gallery217440\" class=\"portfolio-thumb-wrap portfolio-thumb-img-wrap \" title=\"PREGON ORIHUELA, ORGULLO DE CULTURA LA PROHIBIDA\"  >\r\n            <div class=\"portfolio-thumb\" >\r\n                <div class=\" be-grid-placeholder\" style=\"padding-bottom:222.22222222222% ;\" data-aspect-ratio=\"0.45\" >\r\n                    <img decoding=\"async\"  src=\"https:\/\/cultura.orihuela.es\/wp-content\/uploads\/2021\/07\/PREGON-ORIHUELA-ORGULLO-DE-CULTURA-LA-PROHIBIDA.jpg\" alt=\"\" \/>\r\n                <\/div>\r\n            <\/div>\r\n                <div class=\"thumb-overlay \">\r\n<div class=\"thumb-bg \" >\r\n    <div class=\"thumb-title-wrap \">\r\n        <div class=\"thumb-title\"  >\r\n            II PREG\u00d3N ORIHUELA, ORGULLO DE CULTURA A CARGO DE LA PROHIBIDA        <\/div>\r\n        <div class=\"portfolio-item-cats\"  >\r\n            <span>Carteles<\/span>        <\/div>\r\n    <\/div>\r\n    <div class = \"thumb-border-wrapper\" style=\"border-color:#9E9E9E;\"  ><\/div>\r\n<\/div>\r\n<\/div><\/a>\r\n    <\/div>\r\n<\/div>\r\n<div class=\"portfolio-item be-col  \" data-category-names = []   >\r\n    <div class=\"portfolio-item-inner\" >\r\n \r\n            <a href=\"https:\/\/cultura.orihuela.es\/?portfolio=exposicion-blas-de-otero\" data-thumb=\"https:\/\/cultura.orihuela.es\/wp-content\/uploads\/2021\/07\/cartel-final-blas-de-otero-01_page-0001-650x918.jpg\"  data-rel= \"my-gallery217428\" class=\"portfolio-thumb-wrap portfolio-thumb-img-wrap \" title=\"cartel final blas de otero 01_page-0001\"  >\r\n            <div class=\"portfolio-thumb\" >\r\n                <div class=\" be-grid-placeholder\" style=\"padding-bottom:141.28113879004% ;\" data-aspect-ratio=\"0.71\" >\r\n                    <img decoding=\"async\"  src=\"https:\/\/cultura.orihuela.es\/wp-content\/uploads\/2021\/07\/cartel-final-blas-de-otero-01_page-0001-650x918.jpg\" alt=\"\" \/>\r\n                <\/div>\r\n            <\/div>\r\n                <div class=\"thumb-overlay \">\r\n<div class=\"thumb-bg \" >\r\n    <div class=\"thumb-title-wrap \">\r\n        <div class=\"thumb-title\"  >\r\n            EXPOSICI\u00d3N \u00abBLAS DE OTERO\u00bb        <\/div>\r\n        <div class=\"portfolio-item-cats\"  >\r\n            <span>Carteles<\/span>        <\/div>\r\n    <\/div>\r\n    <div class = \"thumb-border-wrapper\" style=\"border-color:#9E9E9E;\"  ><\/div>\r\n<\/div>\r\n<\/div><\/a>\r\n    <\/div>\r\n<\/div>\r\n<div class=\"portfolio-item be-col  \" data-category-names = []   >\r\n    <div class=\"portfolio-item-inner\" >\r\n \r\n            <a href=\"https:\/\/cultura.orihuela.es\/?portfolio=orgullo-de-cultura-2021\" data-thumb=\"https:\/\/cultura.orihuela.es\/wp-content\/uploads\/2021\/06\/ORGULLO-DE-CULTURA-2021-WEB-01-650x914.jpg\"  data-rel= \"my-gallery217410\" class=\"portfolio-thumb-wrap portfolio-thumb-img-wrap \" title=\"ORGULLO DE CULTURA 2021 WEB 01\"  >\r\n            <div class=\"portfolio-thumb\" >\r\n                <div class=\" be-grid-placeholder\" style=\"padding-bottom:140.5523255814% ;\" data-aspect-ratio=\"0.71\" >\r\n                    <img decoding=\"async\"  src=\"https:\/\/cultura.orihuela.es\/wp-content\/uploads\/2021\/06\/ORGULLO-DE-CULTURA-2021-WEB-01-650x914.jpg\" alt=\"\" \/>\r\n                <\/div>\r\n            <\/div>\r\n                <div class=\"thumb-overlay \">\r\n<div class=\"thumb-bg \" >\r\n    <div class=\"thumb-title-wrap \">\r\n        <div class=\"thumb-title\"  >\r\n            ORGULLO DE CULTURA 2021        <\/div>\r\n        <div class=\"portfolio-item-cats\"  >\r\n            <span>Carteles<\/span>        <\/div>\r\n    <\/div>\r\n    <div class = \"thumb-border-wrapper\" style=\"border-color:#9E9E9E;\"  ><\/div>\r\n<\/div>\r\n<\/div><\/a>\r\n    <\/div>\r\n<\/div>\r\n<div class=\"portfolio-item be-col  \" data-category-names = []   >\r\n    <div class=\"portfolio-item-inner\" >\r\n \r\n            <a href=\"https:\/\/cultura.orihuela.es\/?portfolio=i-orihuela-music-fest-2\" data-thumb=\"https:\/\/cultura.orihuela.es\/wp-content\/uploads\/2021\/06\/Orihuela-Music-Fest-web-650x920.jpg\"  data-rel= \"my-gallery217409\" class=\"portfolio-thumb-wrap portfolio-thumb-img-wrap \" title=\"Orihuela Music Fest web\"  >\r\n            <div class=\"portfolio-thumb\" >\r\n                <div class=\" be-grid-placeholder\" style=\"padding-bottom:141.49414941494% ;\" data-aspect-ratio=\"0.71\" >\r\n                    <img decoding=\"async\"  src=\"https:\/\/cultura.orihuela.es\/wp-content\/uploads\/2021\/06\/Orihuela-Music-Fest-web-650x920.jpg\" alt=\"\" \/>\r\n                <\/div>\r\n            <\/div>\r\n                <div class=\"thumb-overlay \">\r\n<div class=\"thumb-bg \" >\r\n    <div class=\"thumb-title-wrap \">\r\n        <div class=\"thumb-title\"  >\r\n            I ORIHUELA MUSIC FEST        <\/div>\r\n        <div class=\"portfolio-item-cats\"  >\r\n            <span>{category[1]}<\/span><span> &middot; <\/span><span>Carteles<\/span>        <\/div>\r\n    <\/div>\r\n    <div class = \"thumb-border-wrapper\" style=\"border-color:#9E9E9E;\"  ><\/div>\r\n<\/div>\r\n<\/div><\/a>\r\n    <\/div>\r\n<\/div>\r\n<div class=\"portfolio-item be-col  \" data-category-names = []   >\r\n    <div class=\"portfolio-item-inner\" >\r\n \r\n            <a href=\"https:\/\/cultura.orihuela.es\/?portfolio=concierto-de-la-orquesta-sinfonica-de-orihuela\" data-thumb=\"https:\/\/cultura.orihuela.es\/wp-content\/uploads\/2020\/02\/orquesta-sinfonica-de-orihuela-mar-ezcurra-cultura-650x925.jpg\"  data-rel= \"my-gallery215981\" class=\"portfolio-thumb-wrap portfolio-thumb-img-wrap \" title=\"orquesta-sinfonica-de-orihuela-mar-ezcurra-cultura\"  >\r\n            <div class=\"portfolio-thumb\" >\r\n                <div class=\" be-grid-placeholder\" style=\"padding-bottom:142.38042269188% ;\" data-aspect-ratio=\"0.7\" >\r\n                    <img decoding=\"async\"  src=\"https:\/\/cultura.orihuela.es\/wp-content\/uploads\/2020\/02\/orquesta-sinfonica-de-orihuela-mar-ezcurra-cultura-650x925.jpg\" alt=\"\" \/>\r\n                <\/div>\r\n            <\/div>\r\n                <div class=\"thumb-overlay \">\r\n<div class=\"thumb-bg \" >\r\n    <div class=\"thumb-title-wrap \">\r\n        <div class=\"thumb-title\"  >\r\n            Concierto de la Orquesta Sinf\u00f3nica de Orihuela        <\/div>\r\n        <div class=\"portfolio-item-cats\"  >\r\n            <span>Carteles<\/span>        <\/div>\r\n    <\/div>\r\n    <div class = \"thumb-border-wrapper\" style=\"border-color:#9E9E9E;\"  ><\/div>\r\n<\/div>\r\n<\/div><\/a>\r\n    <\/div>\r\n<\/div>\r\n<div class=\"portfolio-item be-col  \" data-category-names = []   >\r\n    <div class=\"portfolio-item-inner\" >\r\n \r\n            <a href=\"https:\/\/cultura.orihuela.es\/?portfolio=i-orihuela-music-fest\" data-thumb=\"https:\/\/cultura.orihuela.es\/wp-content\/uploads\/2021\/06\/Orihuela-Music-Fest-web-650x920.jpg\"  data-rel= \"my-gallery217353\" class=\"portfolio-thumb-wrap portfolio-thumb-img-wrap \" title=\"Orihuela Music Fest web\"  >\r\n            <div class=\"portfolio-thumb\" >\r\n                <div class=\" be-grid-placeholder\" style=\"padding-bottom:141.49414941494% ;\" data-aspect-ratio=\"0.71\" >\r\n                    <img decoding=\"async\"  src=\"https:\/\/cultura.orihuela.es\/wp-content\/uploads\/2021\/06\/Orihuela-Music-Fest-web-650x920.jpg\" alt=\"\" \/>\r\n                <\/div>\r\n            <\/div>\r\n                <div class=\"thumb-overlay \">\r\n<div class=\"thumb-bg \" >\r\n    <div class=\"thumb-title-wrap \">\r\n        <div class=\"thumb-title\"  >\r\n            I ORIHUELA MUSIC FEST        <\/div>\r\n        <div class=\"portfolio-item-cats\"  >\r\n            <span>Carteles<\/span>        <\/div>\r\n    <\/div>\r\n    <div class = \"thumb-border-wrapper\" style=\"border-color:#9E9E9E;\"  ><\/div>\r\n<\/div>\r\n<\/div><\/a>\r\n    <\/div>\r\n<\/div>\r\n<div class=\"portfolio-item be-col  \" data-category-names = []   >\r\n    <div class=\"portfolio-item-inner\" >\r\n \r\n            <a href=\"https:\/\/cultura.orihuela.es\/?portfolio=dia-internacional-de-los-archivos\" data-thumb=\"https:\/\/cultura.orihuela.es\/wp-content\/uploads\/2021\/06\/Archivo-dia-de-los-archivos-650x919.jpg\"  data-rel= \"my-gallery217321\" class=\"portfolio-thumb-wrap portfolio-thumb-img-wrap \" title=\"Archivo dia de los archivos\"  >\r\n            <div class=\"portfolio-thumb\" >\r\n                <div class=\" be-grid-placeholder\" style=\"padding-bottom:141.43576826196% ;\" data-aspect-ratio=\"0.71\" >\r\n                    <img decoding=\"async\"  src=\"https:\/\/cultura.orihuela.es\/wp-content\/uploads\/2021\/06\/Archivo-dia-de-los-archivos-650x919.jpg\" alt=\"\" \/>\r\n                <\/div>\r\n            <\/div>\r\n                <div class=\"thumb-overlay \">\r\n<div class=\"thumb-bg \" >\r\n    <div class=\"thumb-title-wrap \">\r\n        <div class=\"thumb-title\"  >\r\n            D\u00cdA INTERNACIONAL DE LOS ARCHIVOS        <\/div>\r\n        <div class=\"portfolio-item-cats\"  >\r\n            <span>Carteles<\/span>        <\/div>\r\n    <\/div>\r\n    <div class = \"thumb-border-wrapper\" style=\"border-color:#9E9E9E;\"  ><\/div>\r\n<\/div>\r\n<\/div><\/a>\r\n    <\/div>\r\n<\/div>\r\n<div class=\"portfolio-item be-col  \" data-category-names = []   >\r\n    <div class=\"portfolio-item-inner\" >\r\n \r\n            <a href=\"https:\/\/cultura.orihuela.es\/?portfolio=sidonie-solar-djs\" data-thumb=\"https:\/\/cultura.orihuela.es\/wp-content\/uploads\/2021\/03\/Sidonie-Orihuela-teatro-circo-650x916.jpg\"  data-rel= \"my-gallery217324\" class=\"portfolio-thumb-wrap portfolio-thumb-img-wrap \" title=\"Sidonie Orihuela teatro circo\"  >\r\n            <div class=\"portfolio-thumb\" >\r\n                <div class=\" be-grid-placeholder\" style=\"padding-bottom:140.92827004219% ;\" data-aspect-ratio=\"0.71\" >\r\n                    <img decoding=\"async\"  src=\"https:\/\/cultura.orihuela.es\/wp-content\/uploads\/2021\/03\/Sidonie-Orihuela-teatro-circo-650x916.jpg\" alt=\"Concierto Sidonie +Solar Dj en Orihuela\" \/>\r\n                <\/div>\r\n            <\/div>\r\n                <div class=\"thumb-overlay \">\r\n<div class=\"thumb-bg \" >\r\n    <div class=\"thumb-title-wrap \">\r\n        <div class=\"thumb-title\"  >\r\n            SIDONIE + SOLAR DJS        <\/div>\r\n        <div class=\"portfolio-item-cats\"  >\r\n                    <\/div>\r\n    <\/div>\r\n    <div class = \"thumb-border-wrapper\" style=\"border-color:#9E9E9E;\"  ><\/div>\r\n<\/div>\r\n<\/div><\/a>\r\n    <\/div>\r\n<\/div>\r\n<div class=\"portfolio-item be-col  \" data-category-names = []   >\r\n    <div class=\"portfolio-item-inner\" >\r\n \r\n            <a href=\"https:\/\/cultura.orihuela.es\/?portfolio=skating-in-colors\" data-thumb=\"https:\/\/cultura.orihuela.es\/wp-content\/uploads\/2021\/06\/skating-in-colors-web-650x920.jpg\"  data-rel= \"my-gallery217325\" class=\"portfolio-thumb-wrap portfolio-thumb-img-wrap \" title=\"skating in colors web\"  >\r\n            <div class=\"portfolio-thumb\" >\r\n                <div class=\" be-grid-placeholder\" style=\"padding-bottom:141.53225806452% ;\" data-aspect-ratio=\"0.71\" >\r\n                    <img decoding=\"async\"  src=\"https:\/\/cultura.orihuela.es\/wp-content\/uploads\/2021\/06\/skating-in-colors-web-650x920.jpg\" alt=\"\" \/>\r\n                <\/div>\r\n            <\/div>\r\n                <div class=\"thumb-overlay \">\r\n<div class=\"thumb-bg \" >\r\n    <div class=\"thumb-title-wrap \">\r\n        <div class=\"thumb-title\"  >\r\n            SKATING IN COLORS        <\/div>\r\n        <div class=\"portfolio-item-cats\"  >\r\n                    <\/div>\r\n    <\/div>\r\n    <div class = \"thumb-border-wrapper\" style=\"border-color:#9E9E9E;\"  ><\/div>\r\n<\/div>\r\n<\/div><\/a>\r\n    <\/div>\r\n<\/div>\r\n<div class=\"portfolio-item be-col  \" data-category-names = []   >\r\n    <div class=\"portfolio-item-inner\" >\r\n \r\n            <a href=\"https:\/\/cultura.orihuela.es\/?portfolio=editorial-fanzinera\" data-thumb=\"https:\/\/cultura.orihuela.es\/wp-content\/uploads\/2021\/05\/editorial-fanzinera-web-650x920.jpg\"  data-rel= \"my-gallery217326\" class=\"portfolio-thumb-wrap portfolio-thumb-img-wrap \" title=\"editorial fanzinera web\"  >\r\n            <div class=\"portfolio-thumb\" >\r\n                <div class=\" be-grid-placeholder\" style=\"padding-bottom:141.53225806452% ;\" data-aspect-ratio=\"0.71\" >\r\n                    <img decoding=\"async\"  src=\"https:\/\/cultura.orihuela.es\/wp-content\/uploads\/2021\/05\/editorial-fanzinera-web-650x920.jpg\" alt=\"\" \/>\r\n                <\/div>\r\n            <\/div>\r\n                <div class=\"thumb-overlay \">\r\n<div class=\"thumb-bg \" >\r\n    <div class=\"thumb-title-wrap \">\r\n        <div class=\"thumb-title\"  >\r\n            EDITORIAL FANZINERA        <\/div>\r\n        <div class=\"portfolio-item-cats\"  >\r\n            <span>Carteles<\/span>        <\/div>\r\n    <\/div>\r\n    <div class = \"thumb-border-wrapper\" style=\"border-color:#9E9E9E;\"  ><\/div>\r\n<\/div>\r\n<\/div><\/a>\r\n    <\/div>\r\n<\/div>\r\n<div class=\"portfolio-item be-col  \" data-category-names = []   >\r\n    <div class=\"portfolio-item-inner\" >\r\n \r\n            <a href=\"https:\/\/cultura.orihuela.es\/?portfolio=acto-de-entrega-del-premio-internacional-de-poesia-miguel-hernandez-comunidad-valenciana-2020\" data-thumb=\"https:\/\/cultura.orihuela.es\/wp-content\/uploads\/2021\/05\/Cartel-entrega-premio-poesia-web.jpg\"  data-rel= \"my-gallery217249\" class=\"portfolio-thumb-wrap portfolio-thumb-img-wrap \" title=\"Cartel entrega premio poesia web\"  >\r\n            <div class=\"portfolio-thumb\" >\r\n                <div class=\" be-grid-placeholder\" style=\"padding-bottom:133.33333333333% ;\" data-aspect-ratio=\"0.75\" >\r\n                    <img decoding=\"async\"  src=\"https:\/\/cultura.orihuela.es\/wp-content\/uploads\/2021\/05\/Cartel-entrega-premio-poesia-web.jpg\" alt=\"\" \/>\r\n                <\/div>\r\n            <\/div>\r\n                <div class=\"thumb-overlay \">\r\n<div class=\"thumb-bg \" >\r\n    <div class=\"thumb-title-wrap \">\r\n        <div class=\"thumb-title\"  >\r\n            Acto de entrega del Premio Internacional de Poes\u00eda \u00abMiguel Hern\u00e1ndez \u2013 Comunidad Valenciana \u00bb 2020        <\/div>\r\n        <div class=\"portfolio-item-cats\"  >\r\n            <span>Auditorio de la Lonja<\/span>        <\/div>\r\n    <\/div>\r\n    <div class = \"thumb-border-wrapper\" style=\"border-color:#9E9E9E;\"  ><\/div>\r\n<\/div>\r\n<\/div><\/a>\r\n    <\/div>\r\n<\/div>\r\n<div class=\"portfolio-item be-col  \" data-category-names = []   >\r\n    <div class=\"portfolio-item-inner\" >\r\n \r\n            <a href=\"https:\/\/cultura.orihuela.es\/?portfolio=mavi-gomez-el-color-en-la-mirada\" data-thumb=\"https:\/\/cultura.orihuela.es\/wp-content\/uploads\/2019\/04\/mavi-gomez-web-650x919.jpg\"  data-rel= \"my-gallery217319\" class=\"portfolio-thumb-wrap portfolio-thumb-img-wrap \" title=\"mavi gomez\"  >\r\n            <div class=\"portfolio-thumb\" >\r\n                <div class=\" be-grid-placeholder\" style=\"padding-bottom:141.31054131054% ;\" data-aspect-ratio=\"0.71\" >\r\n                    <img decoding=\"async\"  src=\"https:\/\/cultura.orihuela.es\/wp-content\/uploads\/2019\/04\/mavi-gomez-web-650x919.jpg\" alt=\"\" \/>\r\n                <\/div>\r\n            <\/div>\r\n                <div class=\"thumb-overlay \">\r\n<div class=\"thumb-bg \" >\r\n    <div class=\"thumb-title-wrap \">\r\n        <div class=\"thumb-title\"  >\r\n            MAVI G\u00d3MEZ \u00abEL COLOR EN LA MIRADA\u00bb        <\/div>\r\n        <div class=\"portfolio-item-cats\"  >\r\n            <span>Carteles<\/span>        <\/div>\r\n    <\/div>\r\n    <div class = \"thumb-border-wrapper\" style=\"border-color:#9E9E9E;\"  ><\/div>\r\n<\/div>\r\n<\/div><\/a>\r\n    <\/div>\r\n<\/div>\r\n<div class=\"portfolio-item be-col  \" data-category-names = []   >\r\n    <div class=\"portfolio-item-inner\" >\r\n \r\n            <a href=\"https:\/\/cultura.orihuela.es\/?portfolio=alejandro-caamano-suenos-y-realidad\" data-thumb=\"https:\/\/cultura.orihuela.es\/wp-content\/uploads\/2021\/04\/cartel-cama\u00f1o-final-bronce-web.jpg\"  data-rel= \"my-gallery217320\" class=\"portfolio-thumb-wrap portfolio-thumb-img-wrap \" title=\"cartel cama\u00f1o final bronce web\"  >\r\n            <div class=\"portfolio-thumb\" >\r\n                <div class=\" be-grid-placeholder\" style=\"padding-bottom:141.13821138211% ;\" data-aspect-ratio=\"0.71\" >\r\n                    <img decoding=\"async\"  src=\"https:\/\/cultura.orihuela.es\/wp-content\/uploads\/2021\/04\/cartel-cama\u00f1o-final-bronce-web.jpg\" alt=\"\" \/>\r\n                <\/div>\r\n            <\/div>\r\n                <div class=\"thumb-overlay \">\r\n<div class=\"thumb-bg \" >\r\n    <div class=\"thumb-title-wrap \">\r\n        <div class=\"thumb-title\"  >\r\n            ALEJANDRO CAAMA\u00d1O \u00abSUE\u00d1OS Y REALIDAD\u00bb        <\/div>\r\n        <div class=\"portfolio-item-cats\"  >\r\n                    <\/div>\r\n    <\/div>\r\n    <div class = \"thumb-border-wrapper\" style=\"border-color:#9E9E9E;\"  ><\/div>\r\n<\/div>\r\n<\/div><\/a>\r\n    <\/div>\r\n<\/div>\r\n<div class=\"portfolio-item be-col  \" data-category-names = []   >\r\n    <div class=\"portfolio-item-inner\" >\r\n \r\n            <a href=\"https:\/\/cultura.orihuela.es\/?portfolio=programacion-semana-de-los-museos-2021\" data-thumb=\"https:\/\/cultura.orihuela.es\/wp-content\/uploads\/2021\/05\/facebook-05-650x650.jpg\"  data-rel= \"my-gallery217217\" class=\"portfolio-thumb-wrap portfolio-thumb-img-wrap \" title=\"facebook-05\"  >\r\n            <div class=\"portfolio-thumb\" >\r\n                <div class=\" be-grid-placeholder\" style=\"padding-bottom:100% ;\" data-aspect-ratio=\"1\" >\r\n                    <img decoding=\"async\"  src=\"https:\/\/cultura.orihuela.es\/wp-content\/uploads\/2021\/05\/facebook-05-650x650.jpg\" alt=\"\" \/>\r\n                <\/div>\r\n            <\/div>\r\n                <div class=\"thumb-overlay \">\r\n<div class=\"thumb-bg \" >\r\n    <div class=\"thumb-title-wrap \">\r\n        <div class=\"thumb-title\"  >\r\n            Semana de los Museos 2021        <\/div>\r\n        <div class=\"portfolio-item-cats\"  >\r\n            <span>Carteles<\/span>        <\/div>\r\n    <\/div>\r\n    <div class = \"thumb-border-wrapper\" style=\"border-color:#9E9E9E;\"  ><\/div>\r\n<\/div>\r\n<\/div><\/a>\r\n    <\/div>\r\n<\/div>\r\n<div class=\"portfolio-item be-col  \" data-category-names = []   >\r\n    <div class=\"portfolio-item-inner\" >\r\n \r\n            <a href=\"https:\/\/cultura.orihuela.es\/?portfolio=graficas-musicadas\" data-thumb=\"https:\/\/cultura.orihuela.es\/wp-content\/uploads\/2021\/04\/graficas-musicadas-web-650x920.jpg\"  data-rel= \"my-gallery217327\" class=\"portfolio-thumb-wrap portfolio-thumb-img-wrap \" title=\"graficas musicadas web\"  >\r\n            <div class=\"portfolio-thumb\" >\r\n                <div class=\" be-grid-placeholder\" style=\"padding-bottom:141.53225806452% ;\" data-aspect-ratio=\"0.71\" >\r\n                    <img decoding=\"async\"  src=\"https:\/\/cultura.orihuela.es\/wp-content\/uploads\/2021\/04\/graficas-musicadas-web-650x920.jpg\" alt=\"\" \/>\r\n                <\/div>\r\n            <\/div>\r\n                <div class=\"thumb-overlay \">\r\n<div class=\"thumb-bg \" >\r\n    <div class=\"thumb-title-wrap \">\r\n        <div class=\"thumb-title\"  >\r\n            GRAFICAS MUSICADAS        <\/div>\r\n        <div class=\"portfolio-item-cats\"  >\r\n            <span>Carteles<\/span>        <\/div>\r\n    <\/div>\r\n    <div class = \"thumb-border-wrapper\" style=\"border-color:#9E9E9E;\"  ><\/div>\r\n<\/div>\r\n<\/div><\/a>\r\n    <\/div>\r\n<\/div>\r\n<div class=\"portfolio-item be-col  \" data-category-names = []   >\r\n    <div class=\"portfolio-item-inner\" >\r\n \r\n            <a href=\"https:\/\/cultura.orihuela.es\/?portfolio=sabados-infantiles\" data-thumb=\"https:\/\/cultura.orihuela.es\/wp-content\/uploads\/2021\/05\/FB7A54A9-83CC-473B-B97D-343D3EDE7030-650x920.png\"  data-rel= \"my-gallery217153\" class=\"portfolio-thumb-wrap portfolio-thumb-img-wrap \" title=\"FB7A54A9-83CC-473B-B97D-343D3EDE7030\"  >\r\n            <div class=\"portfolio-thumb\" >\r\n                <div class=\" be-grid-placeholder\" style=\"padding-bottom:141.46187775677% ;\" data-aspect-ratio=\"0.71\" >\r\n                    <img decoding=\"async\"  src=\"https:\/\/cultura.orihuela.es\/wp-content\/uploads\/2021\/05\/FB7A54A9-83CC-473B-B97D-343D3EDE7030-650x920.png\" alt=\"\" \/>\r\n                <\/div>\r\n            <\/div>\r\n                <div class=\"thumb-overlay \">\r\n<div class=\"thumb-bg \" >\r\n    <div class=\"thumb-title-wrap \">\r\n        <div class=\"thumb-title\"  >\r\n            S\u00e1bados infantiles        <\/div>\r\n        <div class=\"portfolio-item-cats\"  >\r\n            <span>Carteles<\/span>        <\/div>\r\n    <\/div>\r\n    <div class = \"thumb-border-wrapper\" style=\"border-color:#9E9E9E;\"  ><\/div>\r\n<\/div>\r\n<\/div><\/a>\r\n    <\/div>\r\n<\/div>\r\n<div class=\"portfolio-item be-col  \" data-category-names = []   >\r\n    <div class=\"portfolio-item-inner\" >\r\n \r\n            <a href=\"https:\/\/cultura.orihuela.es\/?portfolio=festival-musica-en-primavera\" data-thumb=\"https:\/\/cultura.orihuela.es\/wp-content\/uploads\/2021\/05\/cartel-Festival-Mu\u0301sica-primavera-qr-650x920.png\"  data-rel= \"my-gallery217152\" class=\"portfolio-thumb-wrap portfolio-thumb-img-wrap \" title=\"cartel Festival Mu\u0301sica primavera qr\"  >\r\n            <div class=\"portfolio-thumb\" >\r\n                <div class=\" be-grid-placeholder\" style=\"padding-bottom:141.46187775677% ;\" data-aspect-ratio=\"0.71\" >\r\n                    <img decoding=\"async\"  src=\"https:\/\/cultura.orihuela.es\/wp-content\/uploads\/2021\/05\/cartel-Festival-Mu\u0301sica-primavera-qr-650x920.png\" alt=\"\" \/>\r\n                <\/div>\r\n            <\/div>\r\n                <div class=\"thumb-overlay \">\r\n<div class=\"thumb-bg \" >\r\n    <div class=\"thumb-title-wrap \">\r\n        <div class=\"thumb-title\"  >\r\n            Festival \u201cM\u00fasica en primavera\u201d        <\/div>\r\n        <div class=\"portfolio-item-cats\"  >\r\n            <span>Auditorio de la Lonja<\/span><span> &middot; <\/span><span>Carteles<\/span><span> &middot; <\/span><span>Teatro Circo<\/span>        <\/div>\r\n    <\/div>\r\n    <div class = \"thumb-border-wrapper\" style=\"border-color:#9E9E9E;\"  ><\/div>\r\n<\/div>\r\n<\/div><\/a>\r\n    <\/div>\r\n<\/div>\r\n<div class=\"portfolio-item be-col  \" data-category-names = []   >\r\n    <div class=\"portfolio-item-inner\" >\r\n \r\n            <a href=\"https:\/\/cultura.orihuela.es\/?portfolio=maquillaje-teatro-expresion\" data-thumb=\"https:\/\/cultura.orihuela.es\/wp-content\/uploads\/2021\/05\/Maquillaje-650x922.jpg\"  data-rel= \"my-gallery217158\" class=\"portfolio-thumb-wrap portfolio-thumb-img-wrap \" title=\"Maquillaje\"  >\r\n            <div class=\"portfolio-thumb\" >\r\n                <div class=\" be-grid-placeholder\" style=\"padding-bottom:141.86575654152% ;\" data-aspect-ratio=\"0.7\" >\r\n                    <img decoding=\"async\"  src=\"https:\/\/cultura.orihuela.es\/wp-content\/uploads\/2021\/05\/Maquillaje-650x922.jpg\" alt=\"\" \/>\r\n                <\/div>\r\n            <\/div>\r\n                <div class=\"thumb-overlay \">\r\n<div class=\"thumb-bg \" >\r\n    <div class=\"thumb-title-wrap \">\r\n        <div class=\"thumb-title\"  >\r\n            \u00abMaquillaje\u00bb Teatro Expresi\u00f3n        <\/div>\r\n        <div class=\"portfolio-item-cats\"  >\r\n            <span>Carteles<\/span>        <\/div>\r\n    <\/div>\r\n    <div class = \"thumb-border-wrapper\" style=\"border-color:#9E9E9E;\"  ><\/div>\r\n<\/div>\r\n<\/div><\/a>\r\n    <\/div>\r\n<\/div>\r\n<div class=\"portfolio-item be-col  \" data-category-names = []   >\r\n    <div class=\"portfolio-item-inner\" >\r\n \r\n            <a href=\"https:\/\/cultura.orihuela.es\/?portfolio=presentacion-del-libro-en-busca-de-la-irrealidad-de-jose-maria-asencio\" data-thumb=\"https:\/\/cultura.orihuela.es\/wp-content\/uploads\/2021\/05\/CARTEL-PRESENTACI\u00d3N-JOSE-MAR\u00cdA-ASENCIO-PEQUE\u00d1O.jpg\"  data-rel= \"my-gallery217165\" class=\"portfolio-thumb-wrap portfolio-thumb-img-wrap \" title=\"CARTEL PRESENTACI\u00d3N JOSE MAR\u00cdA ASENCIO PEQUE\u00d1O\"  >\r\n            <div class=\"portfolio-thumb\" >\r\n                <div class=\" be-grid-placeholder\" style=\"padding-bottom:141.53225806452% ;\" data-aspect-ratio=\"0.71\" >\r\n                    <img decoding=\"async\"  src=\"https:\/\/cultura.orihuela.es\/wp-content\/uploads\/2021\/05\/CARTEL-PRESENTACI\u00d3N-JOSE-MAR\u00cdA-ASENCIO-PEQUE\u00d1O.jpg\" alt=\"\" \/>\r\n                <\/div>\r\n            <\/div>\r\n                <div class=\"thumb-overlay \">\r\n<div class=\"thumb-bg \" >\r\n    <div class=\"thumb-title-wrap \">\r\n        <div class=\"thumb-title\"  >\r\n            Presentaci\u00f3n del libro \u00abEn busca de la irrealidad\u00bb de Jos\u00e9 Mar\u00eda Asencio        <\/div>\r\n        <div class=\"portfolio-item-cats\"  >\r\n            <span>Auditorio de la Lonja<\/span>        <\/div>\r\n    <\/div>\r\n    <div class = \"thumb-border-wrapper\" style=\"border-color:#9E9E9E;\"  ><\/div>\r\n<\/div>\r\n<\/div><\/a>\r\n    <\/div>\r\n<\/div>\r\n<div class=\"portfolio-item be-col  \" data-category-names = []   >\r\n    <div class=\"portfolio-item-inner\" >\r\n \r\n            <a href=\"https:\/\/cultura.orihuela.es\/?portfolio=libro-de-fotografia-petricor-de-joaquin-bas\" data-thumb=\"https:\/\/cultura.orihuela.es\/wp-content\/uploads\/2021\/05\/LIBRO-PETRICOR-JOAQUIN-BAS-650x434.jpg\"  data-rel= \"my-gallery217154\" class=\"portfolio-thumb-wrap portfolio-thumb-img-wrap \" title=\"LIBRO PETRICOR JOAQUIN BAS\"  >\r\n            <div class=\"portfolio-thumb\" >\r\n                <div class=\" be-grid-placeholder\" style=\"padding-bottom:66.724890829694% ;\" data-aspect-ratio=\"1.5\" >\r\n                    <img decoding=\"async\"  src=\"https:\/\/cultura.orihuela.es\/wp-content\/uploads\/2021\/05\/LIBRO-PETRICOR-JOAQUIN-BAS-650x434.jpg\" alt=\"\" \/>\r\n                <\/div>\r\n            <\/div>\r\n                <div class=\"thumb-overlay \">\r\n<div class=\"thumb-bg \" >\r\n    <div class=\"thumb-title-wrap \">\r\n        <div class=\"thumb-title\"  >\r\n            Libro de fotograf\u00eda \u00abPetricor\u00bb de Joaqu\u00edn Bas        <\/div>\r\n        <div class=\"portfolio-item-cats\"  >\r\n            <span>Auditorio de la Lonja<\/span><span> &middot; <\/span><span>Carteles<\/span>        <\/div>\r\n    <\/div>\r\n    <div class = \"thumb-border-wrapper\" style=\"border-color:#9E9E9E;\"  ><\/div>\r\n<\/div>\r\n<\/div><\/a>\r\n    <\/div>\r\n<\/div>\r\n<div class=\"portfolio-item be-col  \" data-category-names = []   >\r\n    <div class=\"portfolio-item-inner\" >\r\n \r\n            <a href=\"https:\/\/cultura.orihuela.es\/?portfolio=las-rosas-terminan-de-luisa-pastor\" data-thumb=\"https:\/\/cultura.orihuela.es\/wp-content\/uploads\/2021\/05\/22E28807-63A9-4EF8-8242-A92E52EEBB19-650x903.jpeg\"  data-rel= \"my-gallery217175\" class=\"portfolio-thumb-wrap portfolio-thumb-img-wrap \" title=\"Las rosas terminan\"  >\r\n            <div class=\"portfolio-thumb\" >\r\n                <div class=\" be-grid-placeholder\" style=\"padding-bottom:138.88888888889% ;\" data-aspect-ratio=\"0.72\" >\r\n                    <img decoding=\"async\"  src=\"https:\/\/cultura.orihuela.es\/wp-content\/uploads\/2021\/05\/22E28807-63A9-4EF8-8242-A92E52EEBB19-650x903.jpeg\" alt=\"\" \/>\r\n                <\/div>\r\n            <\/div>\r\n                <div class=\"thumb-overlay \">\r\n<div class=\"thumb-bg \" >\r\n    <div class=\"thumb-title-wrap \">\r\n        <div class=\"thumb-title\"  >\r\n            \u201cLas rosas terminan\u201d de Luisa Pastor        <\/div>\r\n        <div class=\"portfolio-item-cats\"  >\r\n            <span>Auditorio de la Lonja<\/span><span> &middot; <\/span><span>Carteles<\/span>        <\/div>\r\n    <\/div>\r\n    <div class = \"thumb-border-wrapper\" style=\"border-color:#9E9E9E;\"  ><\/div>\r\n<\/div>\r\n<\/div><\/a>\r\n    <\/div>\r\n<\/div>\r\n<div class=\"portfolio-item be-col  \" data-category-names = []   >\r\n    <div class=\"portfolio-item-inner\" >\r\n \r\n            <a href=\"https:\/\/cultura.orihuela.es\/?portfolio=programacion-cultural-centro-civico-alameda-del-mar\" data-thumb=\"https:\/\/cultura.orihuela.es\/wp-content\/uploads\/2021\/04\/PORTADA-programaci\u00f3n-centro-c\u00edvico-alameda-del-mar-650x920.jpg\"  data-rel= \"my-gallery217050\" class=\"portfolio-thumb-wrap portfolio-thumb-img-wrap \" title=\"PORTADA programaci\u00f3n centro c\u00edvico alameda del mar\"  >\r\n            <div class=\"portfolio-thumb\" >\r\n                <div class=\" be-grid-placeholder\" style=\"padding-bottom:141.50513112885% ;\" data-aspect-ratio=\"0.71\" >\r\n                    <img decoding=\"async\"  src=\"https:\/\/cultura.orihuela.es\/wp-content\/uploads\/2021\/04\/PORTADA-programaci\u00f3n-centro-c\u00edvico-alameda-del-mar-650x920.jpg\" alt=\"\" \/>\r\n                <\/div>\r\n            <\/div>\r\n                <div class=\"thumb-overlay \">\r\n<div class=\"thumb-bg \" >\r\n    <div class=\"thumb-title-wrap \">\r\n        <div class=\"thumb-title\"  >\r\n            PROGRAMACI\u00d3N CULTURAL CENTRO C\u00cdVICO ALAMEDA DEL MAR        <\/div>\r\n        <div class=\"portfolio-item-cats\"  >\r\n            <span>Carteles<\/span>        <\/div>\r\n    <\/div>\r\n    <div class = \"thumb-border-wrapper\" style=\"border-color:#9E9E9E;\"  ><\/div>\r\n<\/div>\r\n<\/div><\/a>\r\n    <\/div>\r\n<\/div>\r\n<div class=\"portfolio-item be-col  \" data-category-names = []   >\r\n    <div class=\"portfolio-item-inner\" >\r\n \r\n            <a href=\"https:\/\/cultura.orihuela.es\/?portfolio=dia-del-libro-2021\" data-thumb=\"https:\/\/cultura.orihuela.es\/wp-content\/uploads\/2021\/04\/DIA-DEL-LIBRO-2021-01-650x914.jpg\"  data-rel= \"my-gallery217044\" class=\"portfolio-thumb-wrap portfolio-thumb-img-wrap \" title=\"DIA DEL LIBRO 2021 01\"  >\r\n            <div class=\"portfolio-thumb\" >\r\n                <div class=\" be-grid-placeholder\" style=\"padding-bottom:140.63492063492% ;\" data-aspect-ratio=\"0.71\" >\r\n                    <img decoding=\"async\"  src=\"https:\/\/cultura.orihuela.es\/wp-content\/uploads\/2021\/04\/DIA-DEL-LIBRO-2021-01-650x914.jpg\" alt=\"CARTEL DIA DEL LIBRO\" \/>\r\n                <\/div>\r\n            <\/div>\r\n                <div class=\"thumb-overlay \">\r\n<div class=\"thumb-bg \" >\r\n    <div class=\"thumb-title-wrap \">\r\n        <div class=\"thumb-title\"  >\r\n            DIA DEL LIBRO 2021        <\/div>\r\n        <div class=\"portfolio-item-cats\"  >\r\n            <span>Carteles<\/span>        <\/div>\r\n    <\/div>\r\n    <div class = \"thumb-border-wrapper\" style=\"border-color:#9E9E9E;\"  ><\/div>\r\n<\/div>\r\n<\/div><\/a>\r\n    <\/div>\r\n<\/div>\r\n<div class=\"portfolio-item be-col  \" data-category-names = []   >\r\n    <div class=\"portfolio-item-inner\" >\r\n \r\n            <a href=\"https:\/\/cultura.orihuela.es\/?portfolio=concierto-homenaje-a-miguel-hernandez-de-la-orquesta-sinfonica-de-orihuela-en-playa-flamenca\" data-thumb=\"https:\/\/cultura.orihuela.es\/wp-content\/uploads\/2021\/04\/61963141-64BF-4DE9-8BB4-8B5BDA526CB6-650x914.jpeg\"  data-rel= \"my-gallery217040\" class=\"portfolio-thumb-wrap portfolio-thumb-img-wrap \" title=\"CARTEL A3\"  >\r\n            <div class=\"portfolio-thumb\" >\r\n                <div class=\" be-grid-placeholder\" style=\"padding-bottom:140.6462585034% ;\" data-aspect-ratio=\"0.71\" >\r\n                    <img decoding=\"async\"  src=\"https:\/\/cultura.orihuela.es\/wp-content\/uploads\/2021\/04\/61963141-64BF-4DE9-8BB4-8B5BDA526CB6-650x914.jpeg\" alt=\"\" \/>\r\n                <\/div>\r\n            <\/div>\r\n                <div class=\"thumb-overlay \">\r\n<div class=\"thumb-bg \" >\r\n    <div class=\"thumb-title-wrap \">\r\n        <div class=\"thumb-title\"  >\r\n            CONCIERTO HOMENAJE A MIGUEL HERN\u00c1NDEZ DE LA ORQUESTA SINFONICA DE ORIHUELA EN PLAYA FLAMENCA        <\/div>\r\n        <div class=\"portfolio-item-cats\"  >\r\n                    <\/div>\r\n    <\/div>\r\n    <div class = \"thumb-border-wrapper\" style=\"border-color:#9E9E9E;\"  ><\/div>\r\n<\/div>\r\n<\/div><\/a>\r\n    <\/div>\r\n<\/div>\r\n<div class=\"portfolio-item be-col  \" data-category-names = []   >\r\n    <div class=\"portfolio-item-inner\" >\r\n \r\n            <a href=\"https:\/\/cultura.orihuela.es\/?portfolio=talleres-de-ocio-alternativo\" data-thumb=\"https:\/\/cultura.orihuela.es\/wp-content\/uploads\/2021\/04\/cursos-Juventud-650x920.jpg\"  data-rel= \"my-gallery217075\" class=\"portfolio-thumb-wrap portfolio-thumb-img-wrap \" title=\"cursos Juventud\"  >\r\n            <div class=\"portfolio-thumb\" >\r\n                <div class=\" be-grid-placeholder\" style=\"padding-bottom:141.46187775677% ;\" data-aspect-ratio=\"0.71\" >\r\n                    <img decoding=\"async\"  src=\"https:\/\/cultura.orihuela.es\/wp-content\/uploads\/2021\/04\/cursos-Juventud-650x920.jpg\" alt=\"Talleres juventud Orihuela\" \/>\r\n                <\/div>\r\n            <\/div>\r\n                <div class=\"thumb-overlay \">\r\n<div class=\"thumb-bg \" >\r\n    <div class=\"thumb-title-wrap \">\r\n        <div class=\"thumb-title\"  >\r\n            TALLERES DE OCIO ALTERNATIVO        <\/div>\r\n        <div class=\"portfolio-item-cats\"  >\r\n            <span>Carteles<\/span>        <\/div>\r\n    <\/div>\r\n    <div class = \"thumb-border-wrapper\" style=\"border-color:#9E9E9E;\"  ><\/div>\r\n<\/div>\r\n<\/div><\/a>\r\n    <\/div>\r\n<\/div>\r\n<div class=\"portfolio-item be-col  \" data-category-names = []   >\r\n    <div class=\"portfolio-item-inner\" >\r\n \r\n            <a href=\"https:\/\/cultura.orihuela.es\/?portfolio=joaquin-reyes\" data-thumb=\"https:\/\/cultura.orihuela.es\/wp-content\/uploads\/2020\/10\/Cartel-Joaquin-Reyes-Orihuela-web-650x841.jpg\"  data-rel= \"my-gallery216531\" class=\"portfolio-thumb-wrap portfolio-thumb-img-wrap \" title=\"Cartel Joaquin Reyes Orihuela web\"  >\r\n            <div class=\"portfolio-thumb\" >\r\n                <div class=\" be-grid-placeholder\" style=\"padding-bottom:129.41176470588% ;\" data-aspect-ratio=\"0.77\" >\r\n                    <img decoding=\"async\"  src=\"https:\/\/cultura.orihuela.es\/wp-content\/uploads\/2020\/10\/Cartel-Joaquin-Reyes-Orihuela-web-650x841.jpg\" alt=\"\" \/>\r\n                <\/div>\r\n            <\/div>\r\n                <div class=\"thumb-overlay \">\r\n<div class=\"thumb-bg \" >\r\n    <div class=\"thumb-title-wrap \">\r\n        <div class=\"thumb-title\"  >\r\n            Joaquin Reyes &#8211; Festejen la broma        <\/div>\r\n        <div class=\"portfolio-item-cats\"  >\r\n            <span>Carteles<\/span><span> &middot; <\/span><span>Teatro Circo<\/span>        <\/div>\r\n    <\/div>\r\n    <div class = \"thumb-border-wrapper\" style=\"border-color:#9E9E9E;\"  ><\/div>\r\n<\/div>\r\n<\/div><\/a>\r\n    <\/div>\r\n<\/div>\r\n<div class=\"portfolio-item be-col  \" data-category-names = []   >\r\n    <div class=\"portfolio-item-inner\" >\r\n \r\n            <a href=\"https:\/\/cultura.orihuela.es\/?portfolio=la-llamada\" data-thumb=\"https:\/\/cultura.orihuela.es\/wp-content\/uploads\/2021\/03\/cartel-LA-LLAMADA-web-650x919.jpg\"  data-rel= \"my-gallery216957\" class=\"portfolio-thumb-wrap portfolio-thumb-img-wrap \" title=\"cartel LA LLAMADA web\"  >\r\n            <div class=\"portfolio-thumb\" >\r\n                <div class=\" be-grid-placeholder\" style=\"padding-bottom:141.38972809668% ;\" data-aspect-ratio=\"0.71\" >\r\n                    <img decoding=\"async\"  src=\"https:\/\/cultura.orihuela.es\/wp-content\/uploads\/2021\/03\/cartel-LA-LLAMADA-web-650x919.jpg\" alt=\"\" \/>\r\n                <\/div>\r\n            <\/div>\r\n                <div class=\"thumb-overlay \">\r\n<div class=\"thumb-bg \" >\r\n    <div class=\"thumb-title-wrap \">\r\n        <div class=\"thumb-title\"  >\r\n            LA LLAMADA        <\/div>\r\n        <div class=\"portfolio-item-cats\"  >\r\n            <span>Carteles<\/span>        <\/div>\r\n    <\/div>\r\n    <div class = \"thumb-border-wrapper\" style=\"border-color:#9E9E9E;\"  ><\/div>\r\n<\/div>\r\n<\/div><\/a>\r\n    <\/div>\r\n<\/div>\r\n<div class=\"portfolio-item be-col  \" data-category-names = []   >\r\n    <div class=\"portfolio-item-inner\" >\r\n \r\n            <a href=\"https:\/\/cultura.orihuela.es\/?portfolio=otto\" data-thumb=\"https:\/\/cultura.orihuela.es\/wp-content\/uploads\/2021\/03\/CARTEL-OTTO-12-JUNIO-web-650x919.jpg\"  data-rel= \"my-gallery216956\" class=\"portfolio-thumb-wrap portfolio-thumb-img-wrap \" title=\"CARTEL OTTO 12 JUNIO web\"  >\r\n            <div class=\"portfolio-thumb\" >\r\n                <div class=\" be-grid-placeholder\" style=\"padding-bottom:141.45161290323% ;\" data-aspect-ratio=\"0.71\" >\r\n                    <img decoding=\"async\"  src=\"https:\/\/cultura.orihuela.es\/wp-content\/uploads\/2021\/03\/CARTEL-OTTO-12-JUNIO-web-650x919.jpg\" alt=\"\" \/>\r\n                <\/div>\r\n            <\/div>\r\n                <div class=\"thumb-overlay \">\r\n<div class=\"thumb-bg \" >\r\n    <div class=\"thumb-title-wrap \">\r\n        <div class=\"thumb-title\"  >\r\n            OTTO        <\/div>\r\n        <div class=\"portfolio-item-cats\"  >\r\n            <span>Carteles<\/span>        <\/div>\r\n    <\/div>\r\n    <div class = \"thumb-border-wrapper\" style=\"border-color:#9E9E9E;\"  ><\/div>\r\n<\/div>\r\n<\/div><\/a>\r\n    <\/div>\r\n<\/div>\r\n<div class=\"portfolio-item be-col  \" data-category-names = []   >\r\n    <div class=\"portfolio-item-inner\" >\r\n \r\n            <a href=\"https:\/\/cultura.orihuela.es\/?portfolio=sidonie\" data-thumb=\"https:\/\/cultura.orihuela.es\/wp-content\/uploads\/2021\/03\/Sidonie-ORIHUELA-WEB-650x919.jpg\"  data-rel= \"my-gallery216955\" class=\"portfolio-thumb-wrap portfolio-thumb-img-wrap \" title=\"Sidonie ORIHUELA WEB\"  >\r\n            <div class=\"portfolio-thumb\" >\r\n                <div class=\" be-grid-placeholder\" style=\"padding-bottom:141.43576826196% ;\" data-aspect-ratio=\"0.71\" >\r\n                    <img decoding=\"async\"  src=\"https:\/\/cultura.orihuela.es\/wp-content\/uploads\/2021\/03\/Sidonie-ORIHUELA-WEB-650x919.jpg\" alt=\"\" \/>\r\n                <\/div>\r\n            <\/div>\r\n                <div class=\"thumb-overlay \">\r\n<div class=\"thumb-bg \" >\r\n    <div class=\"thumb-title-wrap \">\r\n        <div class=\"thumb-title\"  >\r\n            SIDONIE        <\/div>\r\n        <div class=\"portfolio-item-cats\"  >\r\n            <span>Carteles<\/span>        <\/div>\r\n    <\/div>\r\n    <div class = \"thumb-border-wrapper\" style=\"border-color:#9E9E9E;\"  ><\/div>\r\n<\/div>\r\n<\/div><\/a>\r\n    <\/div>\r\n<\/div>\r\n<div class=\"portfolio-item be-col  \" data-category-names = []   >\r\n    <div class=\"portfolio-item-inner\" >\r\n \r\n            <a href=\"https:\/\/cultura.orihuela.es\/?portfolio=leo-harlem-deja-que-te-cuente\" data-thumb=\"https:\/\/cultura.orihuela.es\/wp-content\/uploads\/2021\/03\/Leo-Harlem-Orihuela-650x920.jpg\"  data-rel= \"my-gallery216954\" class=\"portfolio-thumb-wrap portfolio-thumb-img-wrap \" title=\"Leo Harlem Orihuela\"  >\r\n            <div class=\"portfolio-thumb\" >\r\n                <div class=\" be-grid-placeholder\" style=\"padding-bottom:141.46187775677% ;\" data-aspect-ratio=\"0.71\" >\r\n                    <img decoding=\"async\"  src=\"https:\/\/cultura.orihuela.es\/wp-content\/uploads\/2021\/03\/Leo-Harlem-Orihuela-650x920.jpg\" alt=\"\" \/>\r\n                <\/div>\r\n            <\/div>\r\n                <div class=\"thumb-overlay \">\r\n<div class=\"thumb-bg \" >\r\n    <div class=\"thumb-title-wrap \">\r\n        <div class=\"thumb-title\"  >\r\n            LEO HARLEM \u00abDEJA QUE TE CUENTE\u00bb        <\/div>\r\n        <div class=\"portfolio-item-cats\"  >\r\n            <span>Carteles<\/span>        <\/div>\r\n    <\/div>\r\n    <div class = \"thumb-border-wrapper\" style=\"border-color:#9E9E9E;\"  ><\/div>\r\n<\/div>\r\n<\/div><\/a>\r\n    <\/div>\r\n<\/div>\r\n<div class=\"portfolio-item be-col  \" data-category-names = []   >\r\n    <div class=\"portfolio-item-inner\" >\r\n \r\n            <a href=\"https:\/\/cultura.orihuela.es\/?portfolio=noche-sabinera\" data-thumb=\"https:\/\/cultura.orihuela.es\/wp-content\/uploads\/2021\/03\/B3309CE4-86BE-44B0-9FED-E215E8FD2288-650x919.jpeg\"  data-rel= \"my-gallery216942\" class=\"portfolio-thumb-wrap portfolio-thumb-img-wrap \" title=\"B3309CE4-86BE-44B0-9FED-E215E8FD2288\"  >\r\n            <div class=\"portfolio-thumb\" >\r\n                <div class=\" be-grid-placeholder\" style=\"padding-bottom:141.44893111639% ;\" data-aspect-ratio=\"0.71\" >\r\n                    <img decoding=\"async\"  src=\"https:\/\/cultura.orihuela.es\/wp-content\/uploads\/2021\/03\/B3309CE4-86BE-44B0-9FED-E215E8FD2288-650x919.jpeg\" alt=\"\" \/>\r\n                <\/div>\r\n            <\/div>\r\n                <div class=\"thumb-overlay \">\r\n<div class=\"thumb-bg \" >\r\n    <div class=\"thumb-title-wrap \">\r\n        <div class=\"thumb-title\"  >\r\n            NOCHE SABINERA        <\/div>\r\n        <div class=\"portfolio-item-cats\"  >\r\n                    <\/div>\r\n    <\/div>\r\n    <div class = \"thumb-border-wrapper\" style=\"border-color:#9E9E9E;\"  ><\/div>\r\n<\/div>\r\n<\/div><\/a>\r\n    <\/div>\r\n<\/div>\r\n<div class=\"portfolio-item be-col  \" data-category-names = []   >\r\n    <div class=\"portfolio-item-inner\" >\r\n \r\n            <a href=\"https:\/\/cultura.orihuela.es\/?portfolio=llevame-hasta-el-cielo\" data-thumb=\"https:\/\/cultura.orihuela.es\/wp-content\/uploads\/2021\/03\/Lolita-poster-650x920.jpg\"  data-rel= \"my-gallery216940\" class=\"portfolio-thumb-wrap portfolio-thumb-img-wrap \" title=\"Lolita poster\"  >\r\n            <div class=\"portfolio-thumb\" >\r\n                <div class=\" be-grid-placeholder\" style=\"padding-bottom:141.46187775677% ;\" data-aspect-ratio=\"0.71\" >\r\n                    <img decoding=\"async\"  src=\"https:\/\/cultura.orihuela.es\/wp-content\/uploads\/2021\/03\/Lolita-poster-650x920.jpg\" alt=\"\" \/>\r\n                <\/div>\r\n            <\/div>\r\n                <div class=\"thumb-overlay \">\r\n<div class=\"thumb-bg \" >\r\n    <div class=\"thumb-title-wrap \">\r\n        <div class=\"thumb-title\"  >\r\n            LL\u00c9VAME HASTA EL CIELO        <\/div>\r\n        <div class=\"portfolio-item-cats\"  >\r\n            <span>Carteles<\/span>        <\/div>\r\n    <\/div>\r\n    <div class = \"thumb-border-wrapper\" style=\"border-color:#9E9E9E;\"  ><\/div>\r\n<\/div>\r\n<\/div><\/a>\r\n    <\/div>\r\n<\/div>\r\n<div class=\"portfolio-item be-col  \" data-category-names = []   >\r\n    <div class=\"portfolio-item-inner\" >\r\n \r\n            <a href=\"https:\/\/cultura.orihuela.es\/?portfolio=willy-wonka-y-la-fabrica-de-chocolate\" data-thumb=\"https:\/\/cultura.orihuela.es\/wp-content\/uploads\/2021\/03\/WILLY-WONKA-WEB-650x919.jpg\"  data-rel= \"my-gallery216941\" class=\"portfolio-thumb-wrap portfolio-thumb-img-wrap \" title=\"WILLY WONKA WEB\"  >\r\n            <div class=\"portfolio-thumb\" >\r\n                <div class=\" be-grid-placeholder\" style=\"padding-bottom:141.34228187919% ;\" data-aspect-ratio=\"0.71\" >\r\n                    <img decoding=\"async\"  src=\"https:\/\/cultura.orihuela.es\/wp-content\/uploads\/2021\/03\/WILLY-WONKA-WEB-650x919.jpg\" alt=\"\" \/>\r\n                <\/div>\r\n            <\/div>\r\n                <div class=\"thumb-overlay \">\r\n<div class=\"thumb-bg \" >\r\n    <div class=\"thumb-title-wrap \">\r\n        <div class=\"thumb-title\"  >\r\n            WILLY WONKA Y LA F\u00c1BRICA DE CHOCOLATE        <\/div>\r\n        <div class=\"portfolio-item-cats\"  >\r\n            <span>Carteles<\/span>        <\/div>\r\n    <\/div>\r\n    <div class = \"thumb-border-wrapper\" style=\"border-color:#9E9E9E;\"  ><\/div>\r\n<\/div>\r\n<\/div><\/a>\r\n    <\/div>\r\n<\/div>\r\n\r\n<\/div>\r\n    <\/div>\r\n    <style>.tatsu-5qdNIJR58 .be-portfolio-container{margin: 0 -4px;}.tatsu-5qdNIJR58 .be-portfolio-container .portfolio-item.be-col{margin-bottom: 8px;}.tatsu-5qdNIJR58 .be-portfolio-container .portfolio-item.be-col {padding: 0 4px;}.tatsu-5qdNIJR58.be-portfolio-module .be-portfolio-container{margin-bottom: -8px;}.tatsu-5qdNIJR58 .thumb-title{color: #fff ;}.tatsu-5qdNIJR58 .portfolio-item-cats{color: #fff ;}.tatsu-5qdNIJR58 .portfolio-thumb-img-wrap{background: #fff;}.tatsu-5qdNIJR58 .thumb-animated-link{color: #fff ;}.tatsu-5qdNIJR58 .thumb-animated-link:hover{color: #9E9E9E ;}<\/style><\/div><\/div><\/div><div class = \"tatsu-column-bg-image-wrap\"><div class = \"tatsu-column-bg-image tatsu-bg-lazyload\" data-src = \"\"><\/div><\/div><div class=\"tatsu-overlay tatsu-column-overlay tatsu-animate-none\" ><\/div><\/div><style>.tatsu-row > .tatsu-CuLnN8BBW.tatsu-column{width: 100%;}.tatsu-CuLnN8BBW.tatsu-column > .tatsu-column-inner > .tatsu-column-overlay{mix-blend-mode: normal;}.tatsu-CuLnN8BBW > .tatsu-column-inner > .tatsu-top-divider{z-index: 9999;}.tatsu-CuLnN8BBW > .tatsu-column-inner > .tatsu-bottom-divider{z-index: 9999;}.tatsu-CuLnN8BBW > .tatsu-column-inner > .tatsu-left-divider{z-index: 9999;}.tatsu-CuLnN8BBW > .tatsu-column-inner > .tatsu-right-divider{z-index: 9999;}@media only screen and (max-width:1377px) {.tatsu-row > .tatsu-CuLnN8BBW.tatsu-column{width: 100%;}}@media only screen and (min-width:768px) and (max-width: 1024px) {.tatsu-row > .tatsu-CuLnN8BBW.tatsu-column{width: 100%;}}@media only screen and (max-width: 767px) {.tatsu-row > .tatsu-CuLnN8BBW.tatsu-column{width: 100%;}}<\/style><\/div><\/div><\/div><\/div><div class=\"tatsu-section-background-wrap\"><div class = \"tatsu-section-background tatsu-bg-lazyload\" data-src = \"\"><\/div><\/div><div class=\"tatsu-overlay tatsu-section-overlay\"><\/div><style>.tatsu-XNKiPpw3-y .tatsu-section-pad{padding: 15px 0px 90px 0px;}.tatsu-XNKiPpw3-y .tatsu-section-offset-wrap{transform: translateY(-0px);}.tatsu-XNKiPpw3-y > .tatsu-bottom-divider{z-index: 9999;}.tatsu-XNKiPpw3-y > .tatsu-top-divider{z-index: 9999;}.tatsu-XNKiPpw3-y .tatsu-section-overlay{mix-blend-mode: normal;}<\/style><\/div>\n","protected":false},"excerpt":{"rendered":"<p><a href=\"https:\/\/cultura.orihuela.es\/?portfolio=willy-wonka-y-la-fabrica-de-chocolate\" class=\"exp-read-more exp-read-more-dots\">&#8230;<\/a><\/p>\n","protected":false},"author":1,"featured_media":0,"parent":0,"menu_order":0,"comment_status":"open","ping_status":"open","template":"","meta":{"footnotes":""},"yst_prominent_words":[3182,3179,3173,3174,3176,3169,1807,3170,3183,3171,3181,3168,3167,3178,3172,3180,3175,3177,1288,506],"class_list":["post-214142","page","type-page","status-publish","hentry"],"_links":{"self":[{"href":"https:\/\/cultura.orihuela.es\/index.php?rest_route=\/wp\/v2\/pages\/214142","targetHints":{"allow":["GET"]}}],"collection":[{"href":"https:\/\/cultura.orihuela.es\/index.php?rest_route=\/wp\/v2\/pages"}],"about":[{"href":"https:\/\/cultura.orihuela.es\/index.php?rest_route=\/wp\/v2\/types\/page"}],"author":[{"embeddable":true,"href":"https:\/\/cultura.orihuela.es\/index.php?rest_route=\/wp\/v2\/users\/1"}],"replies":[{"embeddable":true,"href":"https:\/\/cultura.orihuela.es\/index.php?rest_route=%2Fwp%2Fv2%2Fcomments&post=214142"}],"version-history":[{"count":11,"href":"https:\/\/cultura.orihuela.es\/index.php?rest_route=\/wp\/v2\/pages\/214142\/revisions"}],"predecessor-version":[{"id":217928,"href":"https:\/\/cultura.orihuela.es\/index.php?rest_route=\/wp\/v2\/pages\/214142\/revisions\/217928"}],"wp:attachment":[{"href":"https:\/\/cultura.orihuela.es\/index.php?rest_route=%2Fwp%2Fv2%2Fmedia&parent=214142"}],"wp:term":[{"taxonomy":"yst_prominent_words","embeddable":true,"href":"https:\/\/cultura.orihuela.es\/index.php?rest_route=%2Fwp%2Fv2%2Fyst_prominent_words&post=214142"}],"curies":[{"name":"wp","href":"https:\/\/api.w.org\/{rel}","templated":true}]}}